{"id":36,"date":"2023-01-18T11:44:28","date_gmt":"2023-01-18T10:44:28","guid":{"rendered":"https:\/\/update.jessica-scheler.de\/krefeld\/?page_id=36"},"modified":"2026-08-21T16:02:58","modified_gmt":"2026-08-21T14:02:58","slug":"team-krefeld","status":"publish","type":"page","link":"https:\/\/jessica-scheler.de\/krefeld\/team-krefeld\/","title":{"rendered":"Das Team"},"content":{"rendered":"\t\t<div data-elementor-type=\"wp-page\" data-elementor-id=\"36\" class=\"elementor elementor-36\" data-elementor-post-type=\"page\">\n\t\t\t\t\t\t<section class=\"elementor-section elementor-top-section elementor-element elementor-element-53b70b2a elementor-section-full_width elementor-section-height-default elementor-section-height-default\" data-id=\"53b70b2a\" data-element_type=\"section\" data-e-type=\"section\">\n\t\t\t\t\t\t<div class=\"elementor-container elementor-column-gap-no\">\n\t\t\t\t\t<div class=\"elementor-column elementor-col-100 elementor-top-column elementor-element elementor-element-44ead95b\" data-id=\"44ead95b\" data-element_type=\"column\" data-e-type=\"column\">\n\t\t\t<div class=\"elementor-widget-wrap elementor-element-populated\">\n\t\t\t\t\t\t<div class=\"elementor-element elementor-element-3a1b4a38 elementor--h-position-center elementor--v-position-middle elementor-arrows-position-inside elementor-widget elementor-widget-slides\" data-id=\"3a1b4a38\" data-element_type=\"widget\" data-e-type=\"widget\" data-settings=\"{&quot;transition&quot;:&quot;fade&quot;,&quot;navigation&quot;:&quot;arrows&quot;,&quot;autoplay&quot;:&quot;yes&quot;,&quot;pause_on_hover&quot;:&quot;yes&quot;,&quot;pause_on_interaction&quot;:&quot;yes&quot;,&quot;autoplay_speed&quot;:5000,&quot;infinite&quot;:&quot;yes&quot;,&quot;transition_speed&quot;:500}\" data-widget_type=\"slides.default\">\n\t\t\t\t<div class=\"elementor-widget-container\">\n\t\t\t\t\t\t\t\t\t<div class=\"elementor-swiper\">\n\t\t\t\t\t<div class=\"elementor-slides-wrapper elementor-main-swiper swiper\" role=\"region\" aria-roledescription=\"carousel\" aria-label=\"Slider\" dir=\"ltr\" data-animation=\"fadeInUp\">\n\t\t\t\t<div class=\"swiper-wrapper elementor-slides\">\n\t\t\t\t\t\t\t\t\t\t<div class=\"elementor-repeater-item-a614e62 swiper-slide\" role=\"group\" aria-roledescription=\"slide\"><div class=\"swiper-slide-bg elementor-ken-burns elementor-ken-burns--out\" role=\"img\" aria-label=\"bg_scissors.jpg\"><\/div><div class=\"swiper-slide-inner\" ><div class=\"swiper-slide-contents\"><div class=\"elementor-slide-heading\">Unser Team Krefeld<\/div><\/div><\/div><\/div>\t\t\t\t<\/div>\n\t\t\t\t\t\t\t<\/div>\n\t\t\t\t<\/div>\n\t\t\t\t\t\t\t\t<\/div>\n\t\t\t\t<\/div>\n\t\t\t\t\t<\/div>\n\t\t<\/div>\n\t\t\t\t\t<\/div>\n\t\t<\/section>\n\t\t\t\t<section class=\"elementor-section elementor-top-section elementor-element elementor-element-595244f3 elementor-section-boxed elementor-section-height-default elementor-section-height-default\" data-id=\"595244f3\" data-element_type=\"section\" data-e-type=\"section\">\n\t\t\t\t\t\t<div class=\"elementor-container elementor-column-gap-no\">\n\t\t\t\t\t<div class=\"elementor-column elementor-col-100 elementor-top-column elementor-element elementor-element-63ae8182\" data-id=\"63ae8182\" data-element_type=\"column\" data-e-type=\"column\">\n\t\t\t<div class=\"elementor-widget-wrap elementor-element-populated\">\n\t\t\t\t\t\t<div class=\"elementor-element elementor-element-2e2409c8 elementor-widget elementor-widget-heading\" data-id=\"2e2409c8\" data-element_type=\"widget\" data-e-type=\"widget\" data-widget_type=\"heading.default\">\n\t\t\t\t<div class=\"elementor-widget-container\">\n\t\t\t\t\t<h1 class=\"elementor-heading-title elementor-size-default\">\u00dcber uns<\/h1>\t\t\t\t<\/div>\n\t\t\t\t<\/div>\n\t\t\t\t<div class=\"elementor-element elementor-element-30bdb022 elementor-widget-divider--view-line elementor-widget elementor-widget-divider\" data-id=\"30bdb022\" data-element_type=\"widget\" data-e-type=\"widget\" data-widget_type=\"divider.default\">\n\t\t\t\t<div class=\"elementor-widget-container\">\n\t\t\t\t\t\t\t<div class=\"elementor-divider\">\n\t\t\t<span class=\"elementor-divider-separator\">\n\t\t\t\t\t\t<\/span>\n\t\t<\/div>\n\t\t\t\t\t\t<\/div>\n\t\t\t\t<\/div>\n\t\t\t\t<section class=\"elementor-section elementor-inner-section elementor-element elementor-element-3018960b elementor-section-full_width elementor-section-height-default elementor-section-height-default\" data-id=\"3018960b\" data-element_type=\"section\" data-e-type=\"section\">\n\t\t\t\t\t\t<div class=\"elementor-container elementor-column-gap-no\">\n\t\t\t\t\t<div class=\"elementor-column elementor-col-100 elementor-inner-column elementor-element elementor-element-737b9527\" data-id=\"737b9527\" data-element_type=\"column\" data-e-type=\"column\">\n\t\t\t<div class=\"elementor-widget-wrap elementor-element-populated\">\n\t\t\t\t\t\t<div class=\"elementor-element elementor-element-4407905f elementor-widget elementor-widget-text-editor\" data-id=\"4407905f\" data-element_type=\"widget\" data-e-type=\"widget\" data-widget_type=\"text-editor.default\">\n\t\t\t\t<div class=\"elementor-widget-container\">\n\t\t\t\t\t\t\t\t\t<p>Wir Friseure lieben unseren Beruf, er gibt uns t\u00e4glich die Chance andere Menschen gl\u00fccklich und zufrieden zu machen. Sie als unser Kunde sind unser Gast. Das Vertrauen das Sie uns geben, wollen wir mit fachlicher Kompetenz und Aufmerksamkeit st\u00e4rken. Es liegt uns sehr am Herzen Sie toll aussehen zu lassen, Ihnen ein St\u00fcckchen vom Gl\u00fcck zu schenken. Entspannt und mit guten Gef\u00fchlen sollen Sie sich bei uns darauf freuen toll auszusehen. Das Ergebnis unserer Arbeit soll Ihnen Gl\u00fcck und Selbstvertrauen schenken, wie ein kleiner Urlaub vom stressigen Alltag. Dies soll unsere Antwort auf Ihr Vertauen sein.<\/p><p>Nicht nur im Beruf oder im Umgang mit Anderen ist es wichtig sich gut zu f\u00fchlen und attraktiv zu sein. Auch einem selbst schenkt es Selbstvertrauen und ist Balsam f\u00fcr die Seele. Wir wollen f\u00fcr Sie stets ein kompetenter Partner sein und bilden uns deshalb st\u00e4ndig weiter um fachlich und modisch auf dem aktuellen Stand zu sein.<\/p><p>Sie als unser Kunde sollen sich in unseren H\u00e4nden wohlf\u00fchlen. Durch eine angenehme Atmosph\u00e4re, kompetenten Service, individuelle Beratung und gute Stimmung wollen wir Sie \u00fcberzeugen. Wir sind gl\u00fccklich wenn Sie gl\u00fccklich sind!<\/p>\t\t\t\t\t\t\t\t<\/div>\n\t\t\t\t<\/div>\n\t\t\t\t\t<\/div>\n\t\t<\/div>\n\t\t\t\t\t<\/div>\n\t\t<\/section>\n\t\t\t\t\t<\/div>\n\t\t<\/div>\n\t\t\t\t\t<\/div>\n\t\t<\/section>\n\t\t\t\t<section class=\"elementor-section elementor-top-section elementor-element elementor-element-1284f185 elementor-section-boxed elementor-section-height-default elementor-section-height-default\" data-id=\"1284f185\" data-element_type=\"section\" data-e-type=\"section\">\n\t\t\t\t\t\t<div class=\"elementor-container elementor-column-gap-no\">\n\t\t\t\t\t<div class=\"elementor-column elementor-col-100 elementor-top-column elementor-element elementor-element-626bf55\" data-id=\"626bf55\" data-element_type=\"column\" data-e-type=\"column\">\n\t\t\t<div class=\"elementor-widget-wrap elementor-element-populated\">\n\t\t\t\t\t\t<div class=\"elementor-element elementor-element-3efd06b7 elementor-widget elementor-widget-heading\" data-id=\"3efd06b7\" data-element_type=\"widget\" data-e-type=\"widget\" data-widget_type=\"heading.default\">\n\t\t\t\t<div class=\"elementor-widget-container\">\n\t\t\t\t\t<h2 class=\"elementor-heading-title elementor-size-default\">Unsere Stylisten<\/h2>\t\t\t\t<\/div>\n\t\t\t\t<\/div>\n\t\t\t\t<div class=\"elementor-element elementor-element-2ff7cade elementor-widget-divider--view-line elementor-widget elementor-widget-divider\" data-id=\"2ff7cade\" data-element_type=\"widget\" data-e-type=\"widget\" data-widget_type=\"divider.default\">\n\t\t\t\t<div class=\"elementor-widget-container\">\n\t\t\t\t\t\t\t<div class=\"elementor-divider\">\n\t\t\t<span class=\"elementor-divider-separator\">\n\t\t\t\t\t\t<\/span>\n\t\t<\/div>\n\t\t\t\t\t\t<\/div>\n\t\t\t\t<\/div>\n\t\t<div class=\"elementor-element elementor-element-b179c86 e-grid e-con-boxed e-con e-parent\" data-id=\"b179c86\" data-element_type=\"container\" data-e-type=\"container\">\n\t\t\t\t\t<div class=\"e-con-inner\">\n\t\t<div class=\"elementor-element elementor-element-653781a e-flex e-con-boxed e-con e-child\" data-id=\"653781a\" data-element_type=\"container\" data-e-type=\"container\">\n\t\t\t\t\t<div class=\"e-con-inner\">\n\t\t\t\t<div class=\"elementor-element elementor-element-61664c0 elementor-widget elementor-widget-image\" data-id=\"61664c0\" data-element_type=\"widget\" data-e-type=\"widget\" data-widget_type=\"image.default\">\n\t\t\t\t<div class=\"elementor-widget-container\">\n\t\t\t\t\t\t\t\t\t\t\t\t\t\t\t<img fetchpriority=\"high\" decoding=\"async\" width=\"1920\" height=\"2560\" src=\"https:\/\/jessica-scheler.de\/krefeld\/wp-content\/uploads\/sites\/5\/2026\/07\/1-Jessia-Scheler-Inhaberin-scaled.jpg\" class=\"attachment-full size-full wp-image-965\" alt=\"\" srcset=\"https:\/\/jessica-scheler.de\/krefeld\/wp-content\/uploads\/sites\/5\/2026\/07\/1-Jessia-Scheler-Inhaberin-scaled.jpg 1920w, https:\/\/jessica-scheler.de\/krefeld\/wp-content\/uploads\/sites\/5\/2026\/07\/1-Jessia-Scheler-Inhaberin-225x300.jpg 225w, https:\/\/jessica-scheler.de\/krefeld\/wp-content\/uploads\/sites\/5\/2026\/07\/1-Jessia-Scheler-Inhaberin-768x1024.jpg 768w, https:\/\/jessica-scheler.de\/krefeld\/wp-content\/uploads\/sites\/5\/2026\/07\/1-Jessia-Scheler-Inhaberin-1152x1536.jpg 1152w, https:\/\/jessica-scheler.de\/krefeld\/wp-content\/uploads\/sites\/5\/2026\/07\/1-Jessia-Scheler-Inhaberin-1536x2048.jpg 1536w\" sizes=\"(max-width: 1920px) 100vw, 1920px\" \/>\t\t\t\t\t\t\t\t\t\t\t\t\t\t\t<\/div>\n\t\t\t\t<\/div>\n\t\t\t\t<div class=\"elementor-element elementor-element-080547b elementor-widget elementor-widget-heading\" data-id=\"080547b\" data-element_type=\"widget\" data-e-type=\"widget\" data-widget_type=\"heading.default\">\n\t\t\t\t<div class=\"elementor-widget-container\">\n\t\t\t\t\t<h3 class=\"elementor-heading-title elementor-size-default\">Jessica Scheler<\/h3>\t\t\t\t<\/div>\n\t\t\t\t<\/div>\n\t\t\t\t<div class=\"elementor-element elementor-element-a07a52c elementor-widget elementor-widget-text-editor\" data-id=\"a07a52c\" data-element_type=\"widget\" data-e-type=\"widget\" data-widget_type=\"text-editor.default\">\n\t\t\t\t<div class=\"elementor-widget-container\">\n\t\t\t\t\t\t\t\t\t<p>Saloninhaberin<br \/>Expertin f\u00fcr Balayage, AirTouch, klassische und moderne Schnitt- und Farbtechniken, Calligraphy Cut<\/p>\t\t\t\t\t\t\t\t<\/div>\n\t\t\t\t<\/div>\n\t\t\t\t\t<\/div>\n\t\t\t\t<\/div>\n\t\t<div class=\"elementor-element elementor-element-af602bb e-con-full e-flex e-con e-child\" data-id=\"af602bb\" data-element_type=\"container\" data-e-type=\"container\">\n\t\t\t\t<div class=\"elementor-element elementor-element-e670583 elementor-widget elementor-widget-image\" data-id=\"e670583\" data-element_type=\"widget\" data-e-type=\"widget\" data-widget_type=\"image.default\">\n\t\t\t\t<div class=\"elementor-widget-container\">\n\t\t\t\t\t\t\t\t\t\t\t\t\t\t\t<img decoding=\"async\" width=\"1920\" height=\"2560\" src=\"https:\/\/jessica-scheler.de\/krefeld\/wp-content\/uploads\/sites\/5\/2026\/07\/Fatma-scaled.jpeg\" class=\"attachment-full size-full wp-image-932\" alt=\"\" srcset=\"https:\/\/jessica-scheler.de\/krefeld\/wp-content\/uploads\/sites\/5\/2026\/07\/Fatma-scaled.jpeg 1920w, https:\/\/jessica-scheler.de\/krefeld\/wp-content\/uploads\/sites\/5\/2026\/07\/Fatma-225x300.jpeg 225w, https:\/\/jessica-scheler.de\/krefeld\/wp-content\/uploads\/sites\/5\/2026\/07\/Fatma-768x1024.jpeg 768w, https:\/\/jessica-scheler.de\/krefeld\/wp-content\/uploads\/sites\/5\/2026\/07\/Fatma-1152x1536.jpeg 1152w, https:\/\/jessica-scheler.de\/krefeld\/wp-content\/uploads\/sites\/5\/2026\/07\/Fatma-1536x2048.jpeg 1536w\" sizes=\"(max-width: 1920px) 100vw, 1920px\" \/>\t\t\t\t\t\t\t\t\t\t\t\t\t\t\t<\/div>\n\t\t\t\t<\/div>\n\t\t\t\t<div class=\"elementor-element elementor-element-dad0a8f elementor-widget elementor-widget-heading\" data-id=\"dad0a8f\" data-element_type=\"widget\" data-e-type=\"widget\" data-widget_type=\"heading.default\">\n\t\t\t\t<div class=\"elementor-widget-container\">\n\t\t\t\t\t<h3 class=\"elementor-heading-title elementor-size-default\">Fatma<\/h3>\t\t\t\t<\/div>\n\t\t\t\t<\/div>\n\t\t\t\t<div class=\"elementor-element elementor-element-952c300 elementor-widget elementor-widget-text-editor\" data-id=\"952c300\" data-element_type=\"widget\" data-e-type=\"widget\" data-widget_type=\"text-editor.default\">\n\t\t\t\t<div class=\"elementor-widget-container\">\n\t\t\t\t\t\t\t\t\t<p>Salonleitung \/ Expertin f\u00fcr Haarverl\u00e4ngerung und Haarverdichtung, Blunt Cut, Calligraphy Cut und Farben<\/p>\t\t\t\t\t\t\t\t<\/div>\n\t\t\t\t<\/div>\n\t\t\t\t<\/div>\n\t\t<div class=\"elementor-element elementor-element-7a03434 e-flex e-con-boxed e-con e-child\" data-id=\"7a03434\" data-element_type=\"container\" data-e-type=\"container\">\n\t\t\t\t\t<div class=\"e-con-inner\">\n\t\t\t\t<div class=\"elementor-element elementor-element-6153564 elementor-widget elementor-widget-image\" data-id=\"6153564\" data-element_type=\"widget\" data-e-type=\"widget\" data-widget_type=\"image.default\">\n\t\t\t\t<div class=\"elementor-widget-container\">\n\t\t\t\t\t\t\t\t\t\t\t\t\t\t\t<img decoding=\"async\" width=\"1920\" height=\"2560\" src=\"https:\/\/jessica-scheler.de\/krefeld\/wp-content\/uploads\/sites\/5\/2026\/07\/Vanessa-scaled.jpeg\" class=\"attachment-full size-full wp-image-938\" alt=\"\" srcset=\"https:\/\/jessica-scheler.de\/krefeld\/wp-content\/uploads\/sites\/5\/2026\/07\/Vanessa-scaled.jpeg 1920w, https:\/\/jessica-scheler.de\/krefeld\/wp-content\/uploads\/sites\/5\/2026\/07\/Vanessa-225x300.jpeg 225w, https:\/\/jessica-scheler.de\/krefeld\/wp-content\/uploads\/sites\/5\/2026\/07\/Vanessa-768x1024.jpeg 768w, https:\/\/jessica-scheler.de\/krefeld\/wp-content\/uploads\/sites\/5\/2026\/07\/Vanessa-1152x1536.jpeg 1152w, https:\/\/jessica-scheler.de\/krefeld\/wp-content\/uploads\/sites\/5\/2026\/07\/Vanessa-1536x2048.jpeg 1536w\" sizes=\"(max-width: 1920px) 100vw, 1920px\" \/>\t\t\t\t\t\t\t\t\t\t\t\t\t\t\t<\/div>\n\t\t\t\t<\/div>\n\t\t\t\t<div class=\"elementor-element elementor-element-edec131 elementor-widget elementor-widget-heading\" data-id=\"edec131\" data-element_type=\"widget\" data-e-type=\"widget\" data-widget_type=\"heading.default\">\n\t\t\t\t<div class=\"elementor-widget-container\">\n\t\t\t\t\t<h3 class=\"elementor-heading-title elementor-size-default\">Vanessa<\/h3>\t\t\t\t<\/div>\n\t\t\t\t<\/div>\n\t\t\t\t<div class=\"elementor-element elementor-element-2d92685 elementor-widget elementor-widget-text-editor\" data-id=\"2d92685\" data-element_type=\"widget\" data-e-type=\"widget\" data-widget_type=\"text-editor.default\">\n\t\t\t\t<div class=\"elementor-widget-container\">\n\t\t\t\t\t\t\t\t\t<p>Salonleitung \/ Ausbilderin \/ Expertin f\u00fcr Haarverl\u00e4ngerung und Haarverdichtung, Calligraphy Cut, Farben und Hochsteckfrisuren<\/p>\t\t\t\t\t\t\t\t<\/div>\n\t\t\t\t<\/div>\n\t\t\t\t\t<\/div>\n\t\t\t\t<\/div>\n\t\t<div class=\"elementor-element elementor-element-1b523d1 e-con-full e-flex e-con e-child\" data-id=\"1b523d1\" data-element_type=\"container\" data-e-type=\"container\">\n\t\t\t\t<div class=\"elementor-element elementor-element-01a398a elementor-widget elementor-widget-image\" data-id=\"01a398a\" data-element_type=\"widget\" data-e-type=\"widget\" data-widget_type=\"image.default\">\n\t\t\t\t<div class=\"elementor-widget-container\">\n\t\t\t\t\t\t\t\t\t\t\t\t\t\t\t<img loading=\"lazy\" decoding=\"async\" width=\"1920\" height=\"2560\" src=\"https:\/\/jessica-scheler.de\/krefeld\/wp-content\/uploads\/sites\/5\/2026\/07\/4-Oezge-scaled.jpg\" class=\"attachment-full size-full wp-image-967\" alt=\"\" srcset=\"https:\/\/jessica-scheler.de\/krefeld\/wp-content\/uploads\/sites\/5\/2026\/07\/4-Oezge-scaled.jpg 1920w, https:\/\/jessica-scheler.de\/krefeld\/wp-content\/uploads\/sites\/5\/2026\/07\/4-Oezge-225x300.jpg 225w, https:\/\/jessica-scheler.de\/krefeld\/wp-content\/uploads\/sites\/5\/2026\/07\/4-Oezge-768x1024.jpg 768w, https:\/\/jessica-scheler.de\/krefeld\/wp-content\/uploads\/sites\/5\/2026\/07\/4-Oezge-1152x1536.jpg 1152w, https:\/\/jessica-scheler.de\/krefeld\/wp-content\/uploads\/sites\/5\/2026\/07\/4-Oezge-1536x2048.jpg 1536w\" sizes=\"(max-width: 1920px) 100vw, 1920px\" \/>\t\t\t\t\t\t\t\t\t\t\t\t\t\t\t<\/div>\n\t\t\t\t<\/div>\n\t\t\t\t<div class=\"elementor-element elementor-element-0bfcd8f elementor-widget elementor-widget-heading\" data-id=\"0bfcd8f\" data-element_type=\"widget\" data-e-type=\"widget\" data-widget_type=\"heading.default\">\n\t\t\t\t<div class=\"elementor-widget-container\">\n\t\t\t\t\t<h3 class=\"elementor-heading-title elementor-size-default\"><span class=\"elementor-heading-title elementor-size-default elementor-inline-editing pen\" data-elementor-setting-key=\"title\" data-pen-placeholder=\"Eingabe hier...\" style=\"letter-spacing: normal\"><span class=\"elementor-heading-title elementor-size-default elementor-inline-editing pen\" data-elementor-setting-key=\"title\" data-pen-placeholder=\"Eingabe hier...\" style=\"letter-spacing: normal\">\u00d6zge<\/span><\/span><\/h3>\t\t\t\t<\/div>\n\t\t\t\t<\/div>\n\t\t\t\t<div class=\"elementor-element elementor-element-3afdccd elementor-widget elementor-widget-text-editor\" data-id=\"3afdccd\" data-element_type=\"widget\" data-e-type=\"widget\" data-widget_type=\"text-editor.default\">\n\t\t\t\t<div class=\"elementor-widget-container\">\n\t\t\t\t\t\t\t\t\t<p>Ausbilderin \/ Expertin f\u00fcr Hochsteckfrisuren, Tape Extensions, Farben, Balayage und Calligraphy Cut<\/p>\t\t\t\t\t\t\t\t<\/div>\n\t\t\t\t<\/div>\n\t\t\t\t<\/div>\n\t\t<div class=\"elementor-element elementor-element-b4bec39 e-con-full e-flex e-con e-child\" data-id=\"b4bec39\" data-element_type=\"container\" data-e-type=\"container\">\n\t\t\t\t<div class=\"elementor-element elementor-element-ec083df elementor-widget elementor-widget-image\" data-id=\"ec083df\" data-element_type=\"widget\" data-e-type=\"widget\" data-widget_type=\"image.default\">\n\t\t\t\t<div class=\"elementor-widget-container\">\n\t\t\t\t\t\t\t\t\t\t\t\t\t\t\t<img loading=\"lazy\" decoding=\"async\" width=\"1920\" height=\"2560\" src=\"https:\/\/jessica-scheler.de\/krefeld\/wp-content\/uploads\/sites\/5\/2026\/07\/Herr-Munz-scaled.jpeg\" class=\"attachment-full size-full wp-image-935\" alt=\"\" srcset=\"https:\/\/jessica-scheler.de\/krefeld\/wp-content\/uploads\/sites\/5\/2026\/07\/Herr-Munz-scaled.jpeg 1920w, https:\/\/jessica-scheler.de\/krefeld\/wp-content\/uploads\/sites\/5\/2026\/07\/Herr-Munz-225x300.jpeg 225w, https:\/\/jessica-scheler.de\/krefeld\/wp-content\/uploads\/sites\/5\/2026\/07\/Herr-Munz-768x1024.jpeg 768w, https:\/\/jessica-scheler.de\/krefeld\/wp-content\/uploads\/sites\/5\/2026\/07\/Herr-Munz-1152x1536.jpeg 1152w, https:\/\/jessica-scheler.de\/krefeld\/wp-content\/uploads\/sites\/5\/2026\/07\/Herr-Munz-1536x2048.jpeg 1536w\" sizes=\"(max-width: 1920px) 100vw, 1920px\" \/>\t\t\t\t\t\t\t\t\t\t\t\t\t\t\t<\/div>\n\t\t\t\t<\/div>\n\t\t\t\t<div class=\"elementor-element elementor-element-d3088d9 elementor-widget elementor-widget-heading\" data-id=\"d3088d9\" data-element_type=\"widget\" data-e-type=\"widget\" data-widget_type=\"heading.default\">\n\t\t\t\t<div class=\"elementor-widget-container\">\n\t\t\t\t\t<h3 class=\"elementor-heading-title elementor-size-default\"><span class=\"elementor-heading-title elementor-size-default elementor-inline-editing pen\" data-elementor-setting-key=\"title\" data-pen-placeholder=\"Eingabe hier...\" style=\"letter-spacing: normal\">Herr Munz<\/span><\/h3>\t\t\t\t<\/div>\n\t\t\t\t<\/div>\n\t\t\t\t<div class=\"elementor-element elementor-element-e93a034 elementor-widget elementor-widget-text-editor\" data-id=\"e93a034\" data-element_type=\"widget\" data-e-type=\"widget\" data-widget_type=\"text-editor.default\">\n\t\t\t\t<div class=\"elementor-widget-container\">\n\t\t\t\t\t\t\t\t\t<p>Salonleitung \/ Experte f\u00fcr klassische Schnitttechniken<\/p>\t\t\t\t\t\t\t\t<\/div>\n\t\t\t\t<\/div>\n\t\t\t\t<\/div>\n\t\t<div class=\"elementor-element elementor-element-ccc8834 e-con-full e-flex e-con e-child\" data-id=\"ccc8834\" data-element_type=\"container\" data-e-type=\"container\">\n\t\t\t\t<div class=\"elementor-element elementor-element-c3b3623 elementor-widget elementor-widget-image\" data-id=\"c3b3623\" data-element_type=\"widget\" data-e-type=\"widget\" data-widget_type=\"image.default\">\n\t\t\t\t<div class=\"elementor-widget-container\">\n\t\t\t\t\t\t\t\t\t\t\t\t\t\t\t<img loading=\"lazy\" decoding=\"async\" width=\"1920\" height=\"2560\" src=\"https:\/\/jessica-scheler.de\/krefeld\/wp-content\/uploads\/sites\/5\/2026\/07\/Guelay-scaled.jpeg\" class=\"attachment-full size-full wp-image-933\" alt=\"\" srcset=\"https:\/\/jessica-scheler.de\/krefeld\/wp-content\/uploads\/sites\/5\/2026\/07\/Guelay-scaled.jpeg 1920w, https:\/\/jessica-scheler.de\/krefeld\/wp-content\/uploads\/sites\/5\/2026\/07\/Guelay-225x300.jpeg 225w, https:\/\/jessica-scheler.de\/krefeld\/wp-content\/uploads\/sites\/5\/2026\/07\/Guelay-768x1024.jpeg 768w, https:\/\/jessica-scheler.de\/krefeld\/wp-content\/uploads\/sites\/5\/2026\/07\/Guelay-1152x1536.jpeg 1152w, https:\/\/jessica-scheler.de\/krefeld\/wp-content\/uploads\/sites\/5\/2026\/07\/Guelay-1536x2048.jpeg 1536w\" sizes=\"(max-width: 1920px) 100vw, 1920px\" \/>\t\t\t\t\t\t\t\t\t\t\t\t\t\t\t<\/div>\n\t\t\t\t<\/div>\n\t\t\t\t<div class=\"elementor-element elementor-element-e114779 elementor-widget elementor-widget-heading\" data-id=\"e114779\" data-element_type=\"widget\" data-e-type=\"widget\" data-widget_type=\"heading.default\">\n\t\t\t\t<div class=\"elementor-widget-container\">\n\t\t\t\t\t<h3 class=\"elementor-heading-title elementor-size-default\"><span class=\"elementor-heading-title elementor-size-default elementor-inline-editing pen\" data-elementor-setting-key=\"title\" data-pen-placeholder=\"Eingabe hier...\" style=\"letter-spacing: normal\">G\u00fclay<\/span><\/h3>\t\t\t\t<\/div>\n\t\t\t\t<\/div>\n\t\t\t\t<div class=\"elementor-element elementor-element-1f56f08 elementor-widget elementor-widget-text-editor\" data-id=\"1f56f08\" data-element_type=\"widget\" data-e-type=\"widget\" data-widget_type=\"text-editor.default\">\n\t\t\t\t<div class=\"elementor-widget-container\">\n\t\t\t\t\t\t\t\t\t<p>Expertin f\u00fcr klassische und moderne Farb- und Haarschneidetechniken, Calligraphy Cut<\/p>\t\t\t\t\t\t\t\t<\/div>\n\t\t\t\t<\/div>\n\t\t\t\t<\/div>\n\t\t<div class=\"elementor-element elementor-element-a7a14db e-con-full e-flex e-con e-child\" data-id=\"a7a14db\" data-element_type=\"container\" data-e-type=\"container\">\n\t\t\t\t<div class=\"elementor-element elementor-element-ad3dfd7 elementor-widget elementor-widget-image\" data-id=\"ad3dfd7\" data-element_type=\"widget\" data-e-type=\"widget\" data-widget_type=\"image.default\">\n\t\t\t\t<div class=\"elementor-widget-container\">\n\t\t\t\t\t\t\t\t\t\t\t\t\t\t\t<img loading=\"lazy\" decoding=\"async\" width=\"1086\" height=\"1448\" src=\"https:\/\/jessica-scheler.de\/krefeld\/wp-content\/uploads\/sites\/5\/2026\/07\/Kathrin_bearb.png\" class=\"attachment-full size-full wp-image-986\" alt=\"\" srcset=\"https:\/\/jessica-scheler.de\/krefeld\/wp-content\/uploads\/sites\/5\/2026\/07\/Kathrin_bearb.png 1086w, https:\/\/jessica-scheler.de\/krefeld\/wp-content\/uploads\/sites\/5\/2026\/07\/Kathrin_bearb-225x300.png 225w, https:\/\/jessica-scheler.de\/krefeld\/wp-content\/uploads\/sites\/5\/2026\/07\/Kathrin_bearb-768x1024.png 768w\" sizes=\"(max-width: 1086px) 100vw, 1086px\" \/>\t\t\t\t\t\t\t\t\t\t\t\t\t\t\t<\/div>\n\t\t\t\t<\/div>\n\t\t\t\t<div class=\"elementor-element elementor-element-58bc0db elementor-widget elementor-widget-heading\" data-id=\"58bc0db\" data-element_type=\"widget\" data-e-type=\"widget\" data-widget_type=\"heading.default\">\n\t\t\t\t<div class=\"elementor-widget-container\">\n\t\t\t\t\t<h3 class=\"elementor-heading-title elementor-size-default\"><span class=\"elementor-heading-title elementor-size-default elementor-inline-editing pen\" data-elementor-setting-key=\"title\" data-pen-placeholder=\"Eingabe hier...\" style=\"letter-spacing: normal\">Kathrin<\/span><\/h3>\t\t\t\t<\/div>\n\t\t\t\t<\/div>\n\t\t\t\t<div class=\"elementor-element elementor-element-dc1e9c6 elementor-widget elementor-widget-text-editor\" data-id=\"dc1e9c6\" data-element_type=\"widget\" data-e-type=\"widget\" data-widget_type=\"text-editor.default\">\n\t\t\t\t<div class=\"elementor-widget-container\">\n\t\t\t\t\t\t\t\t\t<p>Expertin f\u00fcr Haarverdichtung und Haarverl\u00e4ngerung, Blond-Farbtechniken, Hochsteckfrisuren, klassische und moderne Farb- und Schnitttechniken, Calligraphy Cut<\/p>\t\t\t\t\t\t\t\t<\/div>\n\t\t\t\t<\/div>\n\t\t\t\t<\/div>\n\t\t<div class=\"elementor-element elementor-element-da1b5e4 e-con-full e-flex e-con e-child\" data-id=\"da1b5e4\" data-element_type=\"container\" data-e-type=\"container\">\n\t\t\t\t<div class=\"elementor-element elementor-element-d02059b elementor-widget elementor-widget-image\" data-id=\"d02059b\" data-element_type=\"widget\" data-e-type=\"widget\" data-widget_type=\"image.default\">\n\t\t\t\t<div class=\"elementor-widget-container\">\n\t\t\t\t\t\t\t\t\t\t\t\t\t\t\t<img loading=\"lazy\" decoding=\"async\" width=\"1920\" height=\"2560\" src=\"https:\/\/jessica-scheler.de\/krefeld\/wp-content\/uploads\/sites\/5\/2026\/07\/Viktorija-scaled.jpeg\" class=\"attachment-full size-full wp-image-939\" alt=\"\" srcset=\"https:\/\/jessica-scheler.de\/krefeld\/wp-content\/uploads\/sites\/5\/2026\/07\/Viktorija-scaled.jpeg 1920w, https:\/\/jessica-scheler.de\/krefeld\/wp-content\/uploads\/sites\/5\/2026\/07\/Viktorija-225x300.jpeg 225w, https:\/\/jessica-scheler.de\/krefeld\/wp-content\/uploads\/sites\/5\/2026\/07\/Viktorija-768x1024.jpeg 768w, https:\/\/jessica-scheler.de\/krefeld\/wp-content\/uploads\/sites\/5\/2026\/07\/Viktorija-1152x1536.jpeg 1152w, https:\/\/jessica-scheler.de\/krefeld\/wp-content\/uploads\/sites\/5\/2026\/07\/Viktorija-1536x2048.jpeg 1536w\" sizes=\"(max-width: 1920px) 100vw, 1920px\" \/>\t\t\t\t\t\t\t\t\t\t\t\t\t\t\t<\/div>\n\t\t\t\t<\/div>\n\t\t\t\t<div class=\"elementor-element elementor-element-f03efd1 elementor-widget elementor-widget-heading\" data-id=\"f03efd1\" data-element_type=\"widget\" data-e-type=\"widget\" data-widget_type=\"heading.default\">\n\t\t\t\t<div class=\"elementor-widget-container\">\n\t\t\t\t\t<h3 class=\"elementor-heading-title elementor-size-default\"><span class=\"elementor-heading-title elementor-size-default elementor-inline-editing pen\" data-elementor-setting-key=\"title\" data-pen-placeholder=\"Eingabe hier...\" style=\"letter-spacing: normal\">Viktorija<\/span><\/h3>\t\t\t\t<\/div>\n\t\t\t\t<\/div>\n\t\t\t\t<div class=\"elementor-element elementor-element-b1c45d8 elementor-widget elementor-widget-text-editor\" data-id=\"b1c45d8\" data-element_type=\"widget\" data-e-type=\"widget\" data-widget_type=\"text-editor.default\">\n\t\t\t\t<div class=\"elementor-widget-container\">\n\t\t\t\t\t\t\t\t\t<p>Expertin f\u00fcr klassische und moderne Farb- und Schnitttechniken, Haarverl\u00e4ngerung und Haarverdichtung, Calligraphy Cut<\/p>\t\t\t\t\t\t\t\t<\/div>\n\t\t\t\t<\/div>\n\t\t\t\t<\/div>\n\t\t<div class=\"elementor-element elementor-element-dec3ebd e-con-full e-flex e-con e-child\" data-id=\"dec3ebd\" data-element_type=\"container\" data-e-type=\"container\">\n\t\t\t\t<div class=\"elementor-element elementor-element-b4af668 elementor-widget elementor-widget-image\" data-id=\"b4af668\" data-element_type=\"widget\" data-e-type=\"widget\" data-widget_type=\"image.default\">\n\t\t\t\t<div class=\"elementor-widget-container\">\n\t\t\t\t\t\t\t\t\t\t\t\t\t\t\t<img loading=\"lazy\" decoding=\"async\" width=\"1920\" height=\"2560\" src=\"https:\/\/jessica-scheler.de\/krefeld\/wp-content\/uploads\/sites\/5\/2026\/07\/Eda-scaled.jpeg\" class=\"attachment-full size-full wp-image-931\" alt=\"\" srcset=\"https:\/\/jessica-scheler.de\/krefeld\/wp-content\/uploads\/sites\/5\/2026\/07\/Eda-scaled.jpeg 1920w, https:\/\/jessica-scheler.de\/krefeld\/wp-content\/uploads\/sites\/5\/2026\/07\/Eda-225x300.jpeg 225w, https:\/\/jessica-scheler.de\/krefeld\/wp-content\/uploads\/sites\/5\/2026\/07\/Eda-768x1024.jpeg 768w, https:\/\/jessica-scheler.de\/krefeld\/wp-content\/uploads\/sites\/5\/2026\/07\/Eda-1152x1536.jpeg 1152w, https:\/\/jessica-scheler.de\/krefeld\/wp-content\/uploads\/sites\/5\/2026\/07\/Eda-1536x2048.jpeg 1536w\" sizes=\"(max-width: 1920px) 100vw, 1920px\" \/>\t\t\t\t\t\t\t\t\t\t\t\t\t\t\t<\/div>\n\t\t\t\t<\/div>\n\t\t\t\t<div class=\"elementor-element elementor-element-fe8ba3d elementor-widget elementor-widget-heading\" data-id=\"fe8ba3d\" data-element_type=\"widget\" data-e-type=\"widget\" data-widget_type=\"heading.default\">\n\t\t\t\t<div class=\"elementor-widget-container\">\n\t\t\t\t\t<h3 class=\"elementor-heading-title elementor-size-default\"><span class=\"elementor-heading-title elementor-size-default elementor-inline-editing pen\" data-elementor-setting-key=\"title\" data-pen-placeholder=\"Eingabe hier...\" style=\"letter-spacing: normal\">Eda<\/span><\/h3>\t\t\t\t<\/div>\n\t\t\t\t<\/div>\n\t\t\t\t<div class=\"elementor-element elementor-element-dab11f6 elementor-widget elementor-widget-text-editor\" data-id=\"dab11f6\" data-element_type=\"widget\" data-e-type=\"widget\" data-widget_type=\"text-editor.default\">\n\t\t\t\t<div class=\"elementor-widget-container\">\n\t\t\t\t\t\t\t\t\t<p>Expertin f\u00fcr Balayage und AirTouch, Haarverl\u00e4ngerung und Haarverdichtung, Schnitt- und Stylingtechniken<\/p>\t\t\t\t\t\t\t\t<\/div>\n\t\t\t\t<\/div>\n\t\t\t\t<\/div>\n\t\t<div class=\"elementor-element elementor-element-73e3f4f e-flex e-con-boxed e-con e-child\" data-id=\"73e3f4f\" data-element_type=\"container\" data-e-type=\"container\">\n\t\t\t\t\t<div class=\"e-con-inner\">\n\t\t\t\t<div class=\"elementor-element elementor-element-660845c elementor-widget elementor-widget-image\" data-id=\"660845c\" data-element_type=\"widget\" data-e-type=\"widget\" data-widget_type=\"image.default\">\n\t\t\t\t<div class=\"elementor-widget-container\">\n\t\t\t\t\t\t\t\t\t\t\t\t\t\t\t<img loading=\"lazy\" decoding=\"async\" width=\"1920\" height=\"2560\" src=\"https:\/\/jessica-scheler.de\/krefeld\/wp-content\/uploads\/sites\/5\/2026\/07\/Hanne-scaled.jpeg\" class=\"attachment-full size-full wp-image-934\" alt=\"\" srcset=\"https:\/\/jessica-scheler.de\/krefeld\/wp-content\/uploads\/sites\/5\/2026\/07\/Hanne-scaled.jpeg 1920w, https:\/\/jessica-scheler.de\/krefeld\/wp-content\/uploads\/sites\/5\/2026\/07\/Hanne-225x300.jpeg 225w, https:\/\/jessica-scheler.de\/krefeld\/wp-content\/uploads\/sites\/5\/2026\/07\/Hanne-768x1024.jpeg 768w, https:\/\/jessica-scheler.de\/krefeld\/wp-content\/uploads\/sites\/5\/2026\/07\/Hanne-1152x1536.jpeg 1152w, https:\/\/jessica-scheler.de\/krefeld\/wp-content\/uploads\/sites\/5\/2026\/07\/Hanne-1536x2048.jpeg 1536w\" sizes=\"(max-width: 1920px) 100vw, 1920px\" \/>\t\t\t\t\t\t\t\t\t\t\t\t\t\t\t<\/div>\n\t\t\t\t<\/div>\n\t\t\t\t<div class=\"elementor-element elementor-element-a16b574 elementor-widget elementor-widget-heading\" data-id=\"a16b574\" data-element_type=\"widget\" data-e-type=\"widget\" data-widget_type=\"heading.default\">\n\t\t\t\t<div class=\"elementor-widget-container\">\n\t\t\t\t\t<h3 class=\"elementor-heading-title elementor-size-default\"><span class=\"elementor-heading-title elementor-size-default elementor-inline-editing pen\" data-elementor-setting-key=\"title\" data-pen-placeholder=\"Eingabe hier...\" style=\"letter-spacing: normal\">Hanne<\/span><\/h3>\t\t\t\t<\/div>\n\t\t\t\t<\/div>\n\t\t\t\t<div class=\"elementor-element elementor-element-ba12b43 elementor-widget elementor-widget-text-editor\" data-id=\"ba12b43\" data-element_type=\"widget\" data-e-type=\"widget\" data-widget_type=\"text-editor.default\">\n\t\t\t\t<div class=\"elementor-widget-container\">\n\t\t\t\t\t\t\t\t\t<p>Expertin f\u00fcr klassische Farb- und Schnitttechniken<\/p>\t\t\t\t\t\t\t\t<\/div>\n\t\t\t\t<\/div>\n\t\t\t\t\t<\/div>\n\t\t\t\t<\/div>\n\t\t<div class=\"elementor-element elementor-element-c433849 e-con-full e-flex e-con e-child\" data-id=\"c433849\" data-element_type=\"container\" data-e-type=\"container\">\n\t\t\t\t<div class=\"elementor-element elementor-element-eae9686 elementor-widget elementor-widget-image\" data-id=\"eae9686\" data-element_type=\"widget\" data-e-type=\"widget\" data-widget_type=\"image.default\">\n\t\t\t\t<div class=\"elementor-widget-container\">\n\t\t\t\t\t\t\t\t\t\t\t\t\t\t\t<img loading=\"lazy\" decoding=\"async\" width=\"1920\" height=\"2560\" src=\"https:\/\/jessica-scheler.de\/krefeld\/wp-content\/uploads\/sites\/5\/2026\/07\/Catia-scaled.jpeg\" class=\"attachment-full size-full wp-image-929\" alt=\"\" srcset=\"https:\/\/jessica-scheler.de\/krefeld\/wp-content\/uploads\/sites\/5\/2026\/07\/Catia-scaled.jpeg 1920w, https:\/\/jessica-scheler.de\/krefeld\/wp-content\/uploads\/sites\/5\/2026\/07\/Catia-225x300.jpeg 225w, https:\/\/jessica-scheler.de\/krefeld\/wp-content\/uploads\/sites\/5\/2026\/07\/Catia-768x1024.jpeg 768w, https:\/\/jessica-scheler.de\/krefeld\/wp-content\/uploads\/sites\/5\/2026\/07\/Catia-1152x1536.jpeg 1152w, https:\/\/jessica-scheler.de\/krefeld\/wp-content\/uploads\/sites\/5\/2026\/07\/Catia-1536x2048.jpeg 1536w\" sizes=\"(max-width: 1920px) 100vw, 1920px\" \/>\t\t\t\t\t\t\t\t\t\t\t\t\t\t\t<\/div>\n\t\t\t\t<\/div>\n\t\t\t\t<div class=\"elementor-element elementor-element-58735a2 elementor-widget elementor-widget-heading\" data-id=\"58735a2\" data-element_type=\"widget\" data-e-type=\"widget\" data-widget_type=\"heading.default\">\n\t\t\t\t<div class=\"elementor-widget-container\">\n\t\t\t\t\t<h3 class=\"elementor-heading-title elementor-size-default\">Catia<\/h3>\t\t\t\t<\/div>\n\t\t\t\t<\/div>\n\t\t\t\t<div class=\"elementor-element elementor-element-19fad88 elementor-widget elementor-widget-text-editor\" data-id=\"19fad88\" data-element_type=\"widget\" data-e-type=\"widget\" data-widget_type=\"text-editor.default\">\n\t\t\t\t<div class=\"elementor-widget-container\">\n\t\t\t\t\t\t\t\t\t<p>Expertin f\u00fcr klassische und moderne Farb- und Schnitttechniken, Balayage<\/p>\t\t\t\t\t\t\t\t<\/div>\n\t\t\t\t<\/div>\n\t\t\t\t<\/div>\n\t\t<div class=\"elementor-element elementor-element-0ad2c31 e-con-full e-flex e-con e-child\" data-id=\"0ad2c31\" data-element_type=\"container\" data-e-type=\"container\">\n\t\t\t\t<div class=\"elementor-element elementor-element-43b41c2 elementor-widget elementor-widget-image\" data-id=\"43b41c2\" data-element_type=\"widget\" data-e-type=\"widget\" data-widget_type=\"image.default\">\n\t\t\t\t<div class=\"elementor-widget-container\">\n\t\t\t\t\t\t\t\t\t\t\t\t\t\t\t<img loading=\"lazy\" decoding=\"async\" width=\"1920\" height=\"2560\" src=\"https:\/\/jessica-scheler.de\/krefeld\/wp-content\/uploads\/sites\/5\/2026\/07\/Manfred-scaled.jpeg\" class=\"attachment-full size-full wp-image-936\" alt=\"\" srcset=\"https:\/\/jessica-scheler.de\/krefeld\/wp-content\/uploads\/sites\/5\/2026\/07\/Manfred-scaled.jpeg 1920w, https:\/\/jessica-scheler.de\/krefeld\/wp-content\/uploads\/sites\/5\/2026\/07\/Manfred-225x300.jpeg 225w, https:\/\/jessica-scheler.de\/krefeld\/wp-content\/uploads\/sites\/5\/2026\/07\/Manfred-768x1024.jpeg 768w, https:\/\/jessica-scheler.de\/krefeld\/wp-content\/uploads\/sites\/5\/2026\/07\/Manfred-1152x1536.jpeg 1152w, https:\/\/jessica-scheler.de\/krefeld\/wp-content\/uploads\/sites\/5\/2026\/07\/Manfred-1536x2048.jpeg 1536w\" sizes=\"(max-width: 1920px) 100vw, 1920px\" \/>\t\t\t\t\t\t\t\t\t\t\t\t\t\t\t<\/div>\n\t\t\t\t<\/div>\n\t\t\t\t<div class=\"elementor-element elementor-element-b7071ef elementor-widget elementor-widget-heading\" data-id=\"b7071ef\" data-element_type=\"widget\" data-e-type=\"widget\" data-widget_type=\"heading.default\">\n\t\t\t\t<div class=\"elementor-widget-container\">\n\t\t\t\t\t<h3 class=\"elementor-heading-title elementor-size-default\"><span class=\"elementor-heading-title elementor-size-default elementor-inline-editing pen\" data-elementor-setting-key=\"title\" data-pen-placeholder=\"Eingabe hier...\" style=\"letter-spacing: normal\">Manfred<\/span><\/h3>\t\t\t\t<\/div>\n\t\t\t\t<\/div>\n\t\t\t\t<div class=\"elementor-element elementor-element-671d0c3 elementor-widget elementor-widget-text-editor\" data-id=\"671d0c3\" data-element_type=\"widget\" data-e-type=\"widget\" data-widget_type=\"text-editor.default\">\n\t\t\t\t<div class=\"elementor-widget-container\">\n\t\t\t\t\t\t\t\t\t<p>Herrenfriseur \/ Experte f\u00fcr klassische Herrentechniken<\/p>\t\t\t\t\t\t\t\t<\/div>\n\t\t\t\t<\/div>\n\t\t\t\t<\/div>\n\t\t<div class=\"elementor-element elementor-element-491c11a e-con-full e-flex e-con e-child\" data-id=\"491c11a\" data-element_type=\"container\" data-e-type=\"container\">\n\t\t\t\t<div class=\"elementor-element elementor-element-e12948e elementor-widget elementor-widget-image\" data-id=\"e12948e\" data-element_type=\"widget\" data-e-type=\"widget\" data-widget_type=\"image.default\">\n\t\t\t\t<div class=\"elementor-widget-container\">\n\t\t\t\t\t\t\t\t\t\t\t\t\t\t\t<img loading=\"lazy\" decoding=\"async\" width=\"1920\" height=\"2560\" src=\"https:\/\/jessica-scheler.de\/krefeld\/wp-content\/uploads\/sites\/5\/2026\/07\/5-Marjola--scaled.jpg\" class=\"attachment-full size-full wp-image-966\" alt=\"\" srcset=\"https:\/\/jessica-scheler.de\/krefeld\/wp-content\/uploads\/sites\/5\/2026\/07\/5-Marjola--scaled.jpg 1920w, https:\/\/jessica-scheler.de\/krefeld\/wp-content\/uploads\/sites\/5\/2026\/07\/5-Marjola--225x300.jpg 225w, https:\/\/jessica-scheler.de\/krefeld\/wp-content\/uploads\/sites\/5\/2026\/07\/5-Marjola--768x1024.jpg 768w, https:\/\/jessica-scheler.de\/krefeld\/wp-content\/uploads\/sites\/5\/2026\/07\/5-Marjola--1152x1536.jpg 1152w, https:\/\/jessica-scheler.de\/krefeld\/wp-content\/uploads\/sites\/5\/2026\/07\/5-Marjola--1536x2048.jpg 1536w\" sizes=\"(max-width: 1920px) 100vw, 1920px\" \/>\t\t\t\t\t\t\t\t\t\t\t\t\t\t\t<\/div>\n\t\t\t\t<\/div>\n\t\t\t\t<div class=\"elementor-element elementor-element-ad3e391 elementor-widget elementor-widget-heading\" data-id=\"ad3e391\" data-element_type=\"widget\" data-e-type=\"widget\" data-widget_type=\"heading.default\">\n\t\t\t\t<div class=\"elementor-widget-container\">\n\t\t\t\t\t<h3 class=\"elementor-heading-title elementor-size-default\"><span class=\"elementor-heading-title elementor-size-default elementor-inline-editing pen\" data-elementor-setting-key=\"title\" data-pen-placeholder=\"Eingabe hier...\" style=\"letter-spacing: normal\"><span class=\"elementor-heading-title elementor-size-default elementor-inline-editing pen\" data-elementor-setting-key=\"title\" data-pen-placeholder=\"Eingabe hier...\" style=\"letter-spacing: normal\">Marjola<\/span><\/span><\/h3>\t\t\t\t<\/div>\n\t\t\t\t<\/div>\n\t\t\t\t<div class=\"elementor-element elementor-element-4647bd0 elementor-widget elementor-widget-text-editor\" data-id=\"4647bd0\" data-element_type=\"widget\" data-e-type=\"widget\" data-widget_type=\"text-editor.default\">\n\t\t\t\t<div class=\"elementor-widget-container\">\n\t\t\t\t\t\t\t\t\t<p>Expertin f\u00fcr Haarverl\u00e4ngerung und Haarverdichtung, klassische und moderne Farb- und Schnitttechniken, Calligraphy Cut, Balayage und AirTouch<\/p>\t\t\t\t\t\t\t\t<\/div>\n\t\t\t\t<\/div>\n\t\t\t\t<\/div>\n\t\t<div class=\"elementor-element elementor-element-6cd51bc e-con-full e-flex e-con e-child\" data-id=\"6cd51bc\" data-element_type=\"container\" data-e-type=\"container\">\n\t\t\t\t<div class=\"elementor-element elementor-element-988951e elementor-widget elementor-widget-image\" data-id=\"988951e\" data-element_type=\"widget\" data-e-type=\"widget\" data-widget_type=\"image.default\">\n\t\t\t\t<div class=\"elementor-widget-container\">\n\t\t\t\t\t\t\t\t\t\t\t\t\t\t\t<img loading=\"lazy\" decoding=\"async\" width=\"1920\" height=\"2560\" src=\"https:\/\/jessica-scheler.de\/krefeld\/wp-content\/uploads\/sites\/5\/2026\/07\/11-Isabell-scaled.jpg\" class=\"attachment-full size-full wp-image-975\" alt=\"\" srcset=\"https:\/\/jessica-scheler.de\/krefeld\/wp-content\/uploads\/sites\/5\/2026\/07\/11-Isabell-scaled.jpg 1920w, https:\/\/jessica-scheler.de\/krefeld\/wp-content\/uploads\/sites\/5\/2026\/07\/11-Isabell-225x300.jpg 225w, https:\/\/jessica-scheler.de\/krefeld\/wp-content\/uploads\/sites\/5\/2026\/07\/11-Isabell-768x1024.jpg 768w, https:\/\/jessica-scheler.de\/krefeld\/wp-content\/uploads\/sites\/5\/2026\/07\/11-Isabell-1152x1536.jpg 1152w, https:\/\/jessica-scheler.de\/krefeld\/wp-content\/uploads\/sites\/5\/2026\/07\/11-Isabell-1536x2048.jpg 1536w\" sizes=\"(max-width: 1920px) 100vw, 1920px\" \/>\t\t\t\t\t\t\t\t\t\t\t\t\t\t\t<\/div>\n\t\t\t\t<\/div>\n\t\t\t\t<div class=\"elementor-element elementor-element-667c707 elementor-widget elementor-widget-heading\" data-id=\"667c707\" data-element_type=\"widget\" data-e-type=\"widget\" data-widget_type=\"heading.default\">\n\t\t\t\t<div class=\"elementor-widget-container\">\n\t\t\t\t\t<h3 class=\"elementor-heading-title elementor-size-default\"><span class=\"elementor-heading-title elementor-size-default elementor-inline-editing pen\" data-elementor-setting-key=\"title\" data-pen-placeholder=\"Eingabe hier...\" style=\"letter-spacing: normal\">Isabell<\/span><\/h3>\t\t\t\t<\/div>\n\t\t\t\t<\/div>\n\t\t\t\t<div class=\"elementor-element elementor-element-00d69c0 elementor-widget elementor-widget-text-editor\" data-id=\"00d69c0\" data-element_type=\"widget\" data-e-type=\"widget\" data-widget_type=\"text-editor.default\">\n\t\t\t\t<div class=\"elementor-widget-container\">\n\t\t\t\t\t\t\t\t\t<p>Dauerwellen-Expertin \/ Expertin f\u00fcr klassische und moderne Schnitt- und Farbtechniken<\/p>\t\t\t\t\t\t\t\t<\/div>\n\t\t\t\t<\/div>\n\t\t\t\t<\/div>\n\t\t<div class=\"elementor-element elementor-element-7045c3d e-con-full e-flex e-con e-child\" data-id=\"7045c3d\" data-element_type=\"container\" data-e-type=\"container\">\n\t\t\t\t<div class=\"elementor-element elementor-element-54cea90 elementor-widget elementor-widget-image\" data-id=\"54cea90\" data-element_type=\"widget\" data-e-type=\"widget\" data-widget_type=\"image.default\">\n\t\t\t\t<div class=\"elementor-widget-container\">\n\t\t\t\t\t\t\t\t\t\t\t\t\t\t\t<img loading=\"lazy\" decoding=\"async\" width=\"1920\" height=\"2560\" src=\"https:\/\/jessica-scheler.de\/krefeld\/wp-content\/uploads\/sites\/5\/2026\/07\/15-Celina-scaled.jpg\" class=\"attachment-full size-full wp-image-973\" alt=\"\" srcset=\"https:\/\/jessica-scheler.de\/krefeld\/wp-content\/uploads\/sites\/5\/2026\/07\/15-Celina-scaled.jpg 1920w, https:\/\/jessica-scheler.de\/krefeld\/wp-content\/uploads\/sites\/5\/2026\/07\/15-Celina-225x300.jpg 225w, https:\/\/jessica-scheler.de\/krefeld\/wp-content\/uploads\/sites\/5\/2026\/07\/15-Celina-768x1024.jpg 768w, https:\/\/jessica-scheler.de\/krefeld\/wp-content\/uploads\/sites\/5\/2026\/07\/15-Celina-1152x1536.jpg 1152w, https:\/\/jessica-scheler.de\/krefeld\/wp-content\/uploads\/sites\/5\/2026\/07\/15-Celina-1536x2048.jpg 1536w\" sizes=\"(max-width: 1920px) 100vw, 1920px\" \/>\t\t\t\t\t\t\t\t\t\t\t\t\t\t\t<\/div>\n\t\t\t\t<\/div>\n\t\t\t\t<div class=\"elementor-element elementor-element-f6047db elementor-widget elementor-widget-heading\" data-id=\"f6047db\" data-element_type=\"widget\" data-e-type=\"widget\" data-widget_type=\"heading.default\">\n\t\t\t\t<div class=\"elementor-widget-container\">\n\t\t\t\t\t<h3 class=\"elementor-heading-title elementor-size-default\"><span class=\"elementor-heading-title elementor-size-default elementor-inline-editing pen\" data-elementor-setting-key=\"title\" data-pen-placeholder=\"Eingabe hier...\" style=\"letter-spacing: normal\">Celina<\/span><\/h3>\t\t\t\t<\/div>\n\t\t\t\t<\/div>\n\t\t\t\t<div class=\"elementor-element elementor-element-d1af50a elementor-widget elementor-widget-text-editor\" data-id=\"d1af50a\" data-element_type=\"widget\" data-e-type=\"widget\" data-widget_type=\"text-editor.default\">\n\t\t\t\t<div class=\"elementor-widget-container\">\n\t\t\t\t\t\t\t\t\t<p>Expertin f\u00fcr klassische und moderne Schnitt- und Farbtechniken<\/p>\t\t\t\t\t\t\t\t<\/div>\n\t\t\t\t<\/div>\n\t\t\t\t<\/div>\n\t\t<div class=\"elementor-element elementor-element-4d1a3dd e-con-full e-flex e-con e-child\" data-id=\"4d1a3dd\" data-element_type=\"container\" data-e-type=\"container\">\n\t\t\t\t<div class=\"elementor-element elementor-element-9f54752 elementor-widget elementor-widget-image\" data-id=\"9f54752\" data-element_type=\"widget\" data-e-type=\"widget\" data-widget_type=\"image.default\">\n\t\t\t\t<div class=\"elementor-widget-container\">\n\t\t\t\t\t\t\t\t\t\t\t\t\t\t\t<img loading=\"lazy\" decoding=\"async\" width=\"1920\" height=\"2560\" src=\"https:\/\/jessica-scheler.de\/krefeld\/wp-content\/uploads\/sites\/5\/2026\/07\/12-Emi--scaled.jpg\" class=\"attachment-full size-full wp-image-974\" alt=\"\" srcset=\"https:\/\/jessica-scheler.de\/krefeld\/wp-content\/uploads\/sites\/5\/2026\/07\/12-Emi--scaled.jpg 1920w, https:\/\/jessica-scheler.de\/krefeld\/wp-content\/uploads\/sites\/5\/2026\/07\/12-Emi--225x300.jpg 225w, https:\/\/jessica-scheler.de\/krefeld\/wp-content\/uploads\/sites\/5\/2026\/07\/12-Emi--768x1024.jpg 768w, https:\/\/jessica-scheler.de\/krefeld\/wp-content\/uploads\/sites\/5\/2026\/07\/12-Emi--1152x1536.jpg 1152w, https:\/\/jessica-scheler.de\/krefeld\/wp-content\/uploads\/sites\/5\/2026\/07\/12-Emi--1536x2048.jpg 1536w\" sizes=\"(max-width: 1920px) 100vw, 1920px\" \/>\t\t\t\t\t\t\t\t\t\t\t\t\t\t\t<\/div>\n\t\t\t\t<\/div>\n\t\t\t\t<div class=\"elementor-element elementor-element-5b8f14e elementor-widget elementor-widget-heading\" data-id=\"5b8f14e\" data-element_type=\"widget\" data-e-type=\"widget\" data-widget_type=\"heading.default\">\n\t\t\t\t<div class=\"elementor-widget-container\">\n\t\t\t\t\t<h3 class=\"elementor-heading-title elementor-size-default\">Emi<\/h3>\t\t\t\t<\/div>\n\t\t\t\t<\/div>\n\t\t\t\t<div class=\"elementor-element elementor-element-6f21e17 elementor-widget elementor-widget-text-editor\" data-id=\"6f21e17\" data-element_type=\"widget\" data-e-type=\"widget\" data-widget_type=\"text-editor.default\">\n\t\t\t\t<div class=\"elementor-widget-container\">\n\t\t\t\t\t\t\t\t\t<p>Expertin f\u00fcr klassische und moderne Schnitt- und Farbtechniken, Calligraphy Cut und Balayage<\/p>\t\t\t\t\t\t\t\t<\/div>\n\t\t\t\t<\/div>\n\t\t\t\t<\/div>\n\t\t<div class=\"elementor-element elementor-element-20135f6 e-con-full e-flex e-con e-child\" data-id=\"20135f6\" data-element_type=\"container\" data-e-type=\"container\">\n\t\t\t\t<div class=\"elementor-element elementor-element-677cd06 elementor-widget elementor-widget-image\" data-id=\"677cd06\" data-element_type=\"widget\" data-e-type=\"widget\" data-widget_type=\"image.default\">\n\t\t\t\t<div class=\"elementor-widget-container\">\n\t\t\t\t\t\t\t\t\t\t\t\t\t\t\t<img loading=\"lazy\" decoding=\"async\" width=\"1000\" height=\"1333\" src=\"https:\/\/jessica-scheler.de\/krefeld\/wp-content\/uploads\/sites\/5\/2026\/08\/Bild_folgt.png\" class=\"attachment-full size-full wp-image-1022\" alt=\"\" srcset=\"https:\/\/jessica-scheler.de\/krefeld\/wp-content\/uploads\/sites\/5\/2026\/08\/Bild_folgt.png 1000w, https:\/\/jessica-scheler.de\/krefeld\/wp-content\/uploads\/sites\/5\/2026\/08\/Bild_folgt-225x300.png 225w, https:\/\/jessica-scheler.de\/krefeld\/wp-content\/uploads\/sites\/5\/2026\/08\/Bild_folgt-768x1024.png 768w\" sizes=\"(max-width: 1000px) 100vw, 1000px\" \/>\t\t\t\t\t\t\t\t\t\t\t\t\t\t\t<\/div>\n\t\t\t\t<\/div>\n\t\t\t\t<div class=\"elementor-element elementor-element-79650df elementor-widget elementor-widget-heading\" data-id=\"79650df\" data-element_type=\"widget\" data-e-type=\"widget\" data-widget_type=\"heading.default\">\n\t\t\t\t<div class=\"elementor-widget-container\">\n\t\t\t\t\t<h3 class=\"elementor-heading-title elementor-size-default\">Birgit v. d. Heidt<\/h3>\t\t\t\t<\/div>\n\t\t\t\t<\/div>\n\t\t\t\t<div class=\"elementor-element elementor-element-a2b5fed elementor-widget elementor-widget-text-editor\" data-id=\"a2b5fed\" data-element_type=\"widget\" data-e-type=\"widget\" data-widget_type=\"text-editor.default\">\n\t\t\t\t<div class=\"elementor-widget-container\">\n\t\t\t\t\t\t\t\t\t<p>Expertin f\u00fcr klassische und moderne Schnitt- und Farbtechniken<\/p>\t\t\t\t\t\t\t\t<\/div>\n\t\t\t\t<\/div>\n\t\t\t\t<\/div>\n\t\t<div class=\"elementor-element elementor-element-39c89a5 e-con-full e-flex e-con e-child\" data-id=\"39c89a5\" data-element_type=\"container\" data-e-type=\"container\">\n\t\t\t\t<div class=\"elementor-element elementor-element-9e90153 elementor-widget elementor-widget-image\" data-id=\"9e90153\" data-element_type=\"widget\" data-e-type=\"widget\" data-widget_type=\"image.default\">\n\t\t\t\t<div class=\"elementor-widget-container\">\n\t\t\t\t\t\t\t\t\t\t\t\t\t\t\t<img loading=\"lazy\" decoding=\"async\" width=\"1920\" height=\"2560\" src=\"https:\/\/jessica-scheler.de\/krefeld\/wp-content\/uploads\/sites\/5\/2026\/07\/Birgit-Veltjens-scaled.jpeg\" class=\"attachment-full size-full wp-image-928\" alt=\"\" srcset=\"https:\/\/jessica-scheler.de\/krefeld\/wp-content\/uploads\/sites\/5\/2026\/07\/Birgit-Veltjens-scaled.jpeg 1920w, https:\/\/jessica-scheler.de\/krefeld\/wp-content\/uploads\/sites\/5\/2026\/07\/Birgit-Veltjens-225x300.jpeg 225w, https:\/\/jessica-scheler.de\/krefeld\/wp-content\/uploads\/sites\/5\/2026\/07\/Birgit-Veltjens-768x1024.jpeg 768w, https:\/\/jessica-scheler.de\/krefeld\/wp-content\/uploads\/sites\/5\/2026\/07\/Birgit-Veltjens-1152x1536.jpeg 1152w, https:\/\/jessica-scheler.de\/krefeld\/wp-content\/uploads\/sites\/5\/2026\/07\/Birgit-Veltjens-1536x2048.jpeg 1536w\" sizes=\"(max-width: 1920px) 100vw, 1920px\" \/>\t\t\t\t\t\t\t\t\t\t\t\t\t\t\t<\/div>\n\t\t\t\t<\/div>\n\t\t\t\t<div class=\"elementor-element elementor-element-f00493f elementor-widget elementor-widget-heading\" data-id=\"f00493f\" data-element_type=\"widget\" data-e-type=\"widget\" data-widget_type=\"heading.default\">\n\t\t\t\t<div class=\"elementor-widget-container\">\n\t\t\t\t\t<h3 class=\"elementor-heading-title elementor-size-default\">Birgit V.<\/h3>\t\t\t\t<\/div>\n\t\t\t\t<\/div>\n\t\t\t\t<div class=\"elementor-element elementor-element-55f1699 elementor-widget elementor-widget-text-editor\" data-id=\"55f1699\" data-element_type=\"widget\" data-e-type=\"widget\" data-widget_type=\"text-editor.default\">\n\t\t\t\t<div class=\"elementor-widget-container\">\n\t\t\t\t\t\t\t\t\t<p>Salon-Koordinatorin<\/p>\t\t\t\t\t\t\t\t<\/div>\n\t\t\t\t<\/div>\n\t\t\t\t<\/div>\n\t\t<div class=\"elementor-element elementor-element-9f98eee e-con-full e-flex e-con e-child\" data-id=\"9f98eee\" data-element_type=\"container\" data-e-type=\"container\">\n\t\t\t\t<div class=\"elementor-element elementor-element-2a35f41 elementor-widget elementor-widget-image\" data-id=\"2a35f41\" data-element_type=\"widget\" data-e-type=\"widget\" data-widget_type=\"image.default\">\n\t\t\t\t<div class=\"elementor-widget-container\">\n\t\t\t\t\t\t\t\t\t\t\t\t\t\t\t<img loading=\"lazy\" decoding=\"async\" width=\"1920\" height=\"2560\" src=\"https:\/\/jessica-scheler.de\/krefeld\/wp-content\/uploads\/sites\/5\/2026\/07\/Claudia-scaled.jpeg\" class=\"attachment-full size-full wp-image-930\" alt=\"\" srcset=\"https:\/\/jessica-scheler.de\/krefeld\/wp-content\/uploads\/sites\/5\/2026\/07\/Claudia-scaled.jpeg 1920w, https:\/\/jessica-scheler.de\/krefeld\/wp-content\/uploads\/sites\/5\/2026\/07\/Claudia-225x300.jpeg 225w, https:\/\/jessica-scheler.de\/krefeld\/wp-content\/uploads\/sites\/5\/2026\/07\/Claudia-768x1024.jpeg 768w, https:\/\/jessica-scheler.de\/krefeld\/wp-content\/uploads\/sites\/5\/2026\/07\/Claudia-1152x1536.jpeg 1152w, https:\/\/jessica-scheler.de\/krefeld\/wp-content\/uploads\/sites\/5\/2026\/07\/Claudia-1536x2048.jpeg 1536w\" sizes=\"(max-width: 1920px) 100vw, 1920px\" \/>\t\t\t\t\t\t\t\t\t\t\t\t\t\t\t<\/div>\n\t\t\t\t<\/div>\n\t\t\t\t<div class=\"elementor-element elementor-element-bd5d559 elementor-widget elementor-widget-heading\" data-id=\"bd5d559\" data-element_type=\"widget\" data-e-type=\"widget\" data-widget_type=\"heading.default\">\n\t\t\t\t<div class=\"elementor-widget-container\">\n\t\t\t\t\t<h3 class=\"elementor-heading-title elementor-size-default\"><span class=\"elementor-heading-title elementor-size-default elementor-inline-editing pen\" data-elementor-setting-key=\"title\" data-pen-placeholder=\"Eingabe hier...\" style=\"letter-spacing: normal\">Claudia<\/span><\/h3>\t\t\t\t<\/div>\n\t\t\t\t<\/div>\n\t\t\t\t<div class=\"elementor-element elementor-element-ad49f99 elementor-widget elementor-widget-text-editor\" data-id=\"ad49f99\" data-element_type=\"widget\" data-e-type=\"widget\" data-widget_type=\"text-editor.default\">\n\t\t\t\t<div class=\"elementor-widget-container\">\n\t\t\t\t\t\t\t\t\t<p>Salon-Koordinatorin<\/p>\t\t\t\t\t\t\t\t<\/div>\n\t\t\t\t<\/div>\n\t\t\t\t<\/div>\n\t\t<div class=\"elementor-element elementor-element-d25d88b e-con-full e-flex e-con e-child\" data-id=\"d25d88b\" data-element_type=\"container\" data-e-type=\"container\">\n\t\t\t\t<div class=\"elementor-element elementor-element-bbe7b29 elementor-widget elementor-widget-image\" data-id=\"bbe7b29\" data-element_type=\"widget\" data-e-type=\"widget\" data-widget_type=\"image.default\">\n\t\t\t\t<div class=\"elementor-widget-container\">\n\t\t\t\t\t\t\t\t\t\t\t\t\t\t\t<img loading=\"lazy\" decoding=\"async\" width=\"1000\" height=\"1333\" src=\"https:\/\/jessica-scheler.de\/krefeld\/wp-content\/uploads\/sites\/5\/2026\/08\/Bild_folgt.png\" class=\"attachment-full size-full wp-image-1022\" alt=\"\" srcset=\"https:\/\/jessica-scheler.de\/krefeld\/wp-content\/uploads\/sites\/5\/2026\/08\/Bild_folgt.png 1000w, https:\/\/jessica-scheler.de\/krefeld\/wp-content\/uploads\/sites\/5\/2026\/08\/Bild_folgt-225x300.png 225w, https:\/\/jessica-scheler.de\/krefeld\/wp-content\/uploads\/sites\/5\/2026\/08\/Bild_folgt-768x1024.png 768w\" sizes=\"(max-width: 1000px) 100vw, 1000px\" \/>\t\t\t\t\t\t\t\t\t\t\t\t\t\t\t<\/div>\n\t\t\t\t<\/div>\n\t\t\t\t<div class=\"elementor-element elementor-element-f47ee4d elementor-widget elementor-widget-heading\" data-id=\"f47ee4d\" data-element_type=\"widget\" data-e-type=\"widget\" data-widget_type=\"heading.default\">\n\t\t\t\t<div class=\"elementor-widget-container\">\n\t\t\t\t\t<h3 class=\"elementor-heading-title elementor-size-default\">Uschi<\/h3>\t\t\t\t<\/div>\n\t\t\t\t<\/div>\n\t\t\t\t<div class=\"elementor-element elementor-element-666785d elementor-widget elementor-widget-text-editor\" data-id=\"666785d\" data-element_type=\"widget\" data-e-type=\"widget\" data-widget_type=\"text-editor.default\">\n\t\t\t\t<div class=\"elementor-widget-container\">\n\t\t\t\t\t\t\t\t\t<p>Assistenzkraft<\/p>\t\t\t\t\t\t\t\t<\/div>\n\t\t\t\t<\/div>\n\t\t\t\t<\/div>\n\t\t<div class=\"elementor-element elementor-element-b907d47 e-con-full e-flex e-con e-child\" data-id=\"b907d47\" data-element_type=\"container\" data-e-type=\"container\">\n\t\t\t\t<div class=\"elementor-element elementor-element-e2427c2 elementor-widget elementor-widget-image\" data-id=\"e2427c2\" data-element_type=\"widget\" data-e-type=\"widget\" data-widget_type=\"image.default\">\n\t\t\t\t<div class=\"elementor-widget-container\">\n\t\t\t\t\t\t\t\t\t\t\t\t\t\t\t<img loading=\"lazy\" decoding=\"async\" width=\"1920\" height=\"2560\" src=\"https:\/\/jessica-scheler.de\/krefeld\/wp-content\/uploads\/sites\/5\/2026\/07\/19Angelina-Auszubildende-scaled.jpg\" class=\"attachment-full size-full wp-image-969\" alt=\"\" srcset=\"https:\/\/jessica-scheler.de\/krefeld\/wp-content\/uploads\/sites\/5\/2026\/07\/19Angelina-Auszubildende-scaled.jpg 1920w, https:\/\/jessica-scheler.de\/krefeld\/wp-content\/uploads\/sites\/5\/2026\/07\/19Angelina-Auszubildende-225x300.jpg 225w, https:\/\/jessica-scheler.de\/krefeld\/wp-content\/uploads\/sites\/5\/2026\/07\/19Angelina-Auszubildende-768x1024.jpg 768w, https:\/\/jessica-scheler.de\/krefeld\/wp-content\/uploads\/sites\/5\/2026\/07\/19Angelina-Auszubildende-1152x1536.jpg 1152w, https:\/\/jessica-scheler.de\/krefeld\/wp-content\/uploads\/sites\/5\/2026\/07\/19Angelina-Auszubildende-1536x2048.jpg 1536w\" sizes=\"(max-width: 1920px) 100vw, 1920px\" \/>\t\t\t\t\t\t\t\t\t\t\t\t\t\t\t<\/div>\n\t\t\t\t<\/div>\n\t\t\t\t<div class=\"elementor-element elementor-element-cb9df48 elementor-widget elementor-widget-heading\" data-id=\"cb9df48\" data-element_type=\"widget\" data-e-type=\"widget\" data-widget_type=\"heading.default\">\n\t\t\t\t<div class=\"elementor-widget-container\">\n\t\t\t\t\t<h3 class=\"elementor-heading-title elementor-size-default\">Angelina<\/h3>\t\t\t\t<\/div>\n\t\t\t\t<\/div>\n\t\t\t\t<div class=\"elementor-element elementor-element-d9ad53f elementor-widget elementor-widget-text-editor\" data-id=\"d9ad53f\" data-element_type=\"widget\" data-e-type=\"widget\" data-widget_type=\"text-editor.default\">\n\t\t\t\t<div class=\"elementor-widget-container\">\n\t\t\t\t\t\t\t\t\t<p>Auszubildende<\/p>\t\t\t\t\t\t\t\t<\/div>\n\t\t\t\t<\/div>\n\t\t\t\t<\/div>\n\t\t<div class=\"elementor-element elementor-element-ded3b71 e-con-full e-flex e-con e-child\" data-id=\"ded3b71\" data-element_type=\"container\" data-e-type=\"container\">\n\t\t\t\t<div class=\"elementor-element elementor-element-09db6c0 elementor-widget elementor-widget-image\" data-id=\"09db6c0\" data-element_type=\"widget\" data-e-type=\"widget\" data-widget_type=\"image.default\">\n\t\t\t\t<div class=\"elementor-widget-container\">\n\t\t\t\t\t\t\t\t\t\t\t\t\t\t\t<img loading=\"lazy\" decoding=\"async\" width=\"1920\" height=\"2560\" src=\"https:\/\/jessica-scheler.de\/krefeld\/wp-content\/uploads\/sites\/5\/2026\/07\/18-Sara-Auszubildende--scaled.jpg\" class=\"attachment-full size-full wp-image-971\" alt=\"\" srcset=\"https:\/\/jessica-scheler.de\/krefeld\/wp-content\/uploads\/sites\/5\/2026\/07\/18-Sara-Auszubildende--scaled.jpg 1920w, https:\/\/jessica-scheler.de\/krefeld\/wp-content\/uploads\/sites\/5\/2026\/07\/18-Sara-Auszubildende--225x300.jpg 225w, https:\/\/jessica-scheler.de\/krefeld\/wp-content\/uploads\/sites\/5\/2026\/07\/18-Sara-Auszubildende--768x1024.jpg 768w, https:\/\/jessica-scheler.de\/krefeld\/wp-content\/uploads\/sites\/5\/2026\/07\/18-Sara-Auszubildende--1152x1536.jpg 1152w, https:\/\/jessica-scheler.de\/krefeld\/wp-content\/uploads\/sites\/5\/2026\/07\/18-Sara-Auszubildende--1536x2048.jpg 1536w\" sizes=\"(max-width: 1920px) 100vw, 1920px\" \/>\t\t\t\t\t\t\t\t\t\t\t\t\t\t\t<\/div>\n\t\t\t\t<\/div>\n\t\t\t\t<div class=\"elementor-element elementor-element-b86ba58 elementor-widget elementor-widget-heading\" data-id=\"b86ba58\" data-element_type=\"widget\" data-e-type=\"widget\" data-widget_type=\"heading.default\">\n\t\t\t\t<div class=\"elementor-widget-container\">\n\t\t\t\t\t<h3 class=\"elementor-heading-title elementor-size-default\">Sara<\/h3>\t\t\t\t<\/div>\n\t\t\t\t<\/div>\n\t\t\t\t<div class=\"elementor-element elementor-element-8006b39 elementor-widget elementor-widget-text-editor\" data-id=\"8006b39\" data-element_type=\"widget\" data-e-type=\"widget\" data-widget_type=\"text-editor.default\">\n\t\t\t\t<div class=\"elementor-widget-container\">\n\t\t\t\t\t\t\t\t\t<p>Auszubildende<\/p>\t\t\t\t\t\t\t\t<\/div>\n\t\t\t\t<\/div>\n\t\t\t\t<\/div>\n\t\t<div class=\"elementor-element elementor-element-672d0c2 e-con-full e-flex e-con e-child\" data-id=\"672d0c2\" data-element_type=\"container\" data-e-type=\"container\">\n\t\t\t\t<div class=\"elementor-element elementor-element-4b54f01 elementor-widget elementor-widget-image\" data-id=\"4b54f01\" data-element_type=\"widget\" data-e-type=\"widget\" data-widget_type=\"image.default\">\n\t\t\t\t<div class=\"elementor-widget-container\">\n\t\t\t\t\t\t\t\t\t\t\t\t\t\t\t<img loading=\"lazy\" decoding=\"async\" width=\"1920\" height=\"2560\" src=\"https:\/\/jessica-scheler.de\/krefeld\/wp-content\/uploads\/sites\/5\/2026\/07\/20-Aylin-Auszubildende--scaled.jpg\" class=\"attachment-full size-full wp-image-968\" alt=\"\" srcset=\"https:\/\/jessica-scheler.de\/krefeld\/wp-content\/uploads\/sites\/5\/2026\/07\/20-Aylin-Auszubildende--scaled.jpg 1920w, https:\/\/jessica-scheler.de\/krefeld\/wp-content\/uploads\/sites\/5\/2026\/07\/20-Aylin-Auszubildende--225x300.jpg 225w, https:\/\/jessica-scheler.de\/krefeld\/wp-content\/uploads\/sites\/5\/2026\/07\/20-Aylin-Auszubildende--768x1024.jpg 768w, https:\/\/jessica-scheler.de\/krefeld\/wp-content\/uploads\/sites\/5\/2026\/07\/20-Aylin-Auszubildende--1152x1536.jpg 1152w, https:\/\/jessica-scheler.de\/krefeld\/wp-content\/uploads\/sites\/5\/2026\/07\/20-Aylin-Auszubildende--1536x2048.jpg 1536w\" sizes=\"(max-width: 1920px) 100vw, 1920px\" \/>\t\t\t\t\t\t\t\t\t\t\t\t\t\t\t<\/div>\n\t\t\t\t<\/div>\n\t\t\t\t<div class=\"elementor-element elementor-element-b6056e6 elementor-widget elementor-widget-heading\" data-id=\"b6056e6\" data-element_type=\"widget\" data-e-type=\"widget\" data-widget_type=\"heading.default\">\n\t\t\t\t<div class=\"elementor-widget-container\">\n\t\t\t\t\t<h3 class=\"elementor-heading-title elementor-size-default\">Aylin<\/h3>\t\t\t\t<\/div>\n\t\t\t\t<\/div>\n\t\t\t\t<div class=\"elementor-element elementor-element-75f94fc elementor-widget elementor-widget-text-editor\" data-id=\"75f94fc\" data-element_type=\"widget\" data-e-type=\"widget\" data-widget_type=\"text-editor.default\">\n\t\t\t\t<div class=\"elementor-widget-container\">\n\t\t\t\t\t\t\t\t\t<p>Auszubildende<\/p>\t\t\t\t\t\t\t\t<\/div>\n\t\t\t\t<\/div>\n\t\t\t\t<\/div>\n\t\t<div class=\"elementor-element elementor-element-ff32c07 e-con-full e-flex e-con e-child\" data-id=\"ff32c07\" data-element_type=\"container\" data-e-type=\"container\">\n\t\t\t\t<div class=\"elementor-element elementor-element-6e66c73 elementor-widget elementor-widget-image\" data-id=\"6e66c73\" data-element_type=\"widget\" data-e-type=\"widget\" data-widget_type=\"image.default\">\n\t\t\t\t<div class=\"elementor-widget-container\">\n\t\t\t\t\t\t\t\t\t\t\t\t\t\t\t<img loading=\"lazy\" decoding=\"async\" width=\"1000\" height=\"1333\" src=\"https:\/\/jessica-scheler.de\/krefeld\/wp-content\/uploads\/sites\/5\/2026\/08\/Bild_folgt.png\" class=\"attachment-full size-full wp-image-1022\" alt=\"\" srcset=\"https:\/\/jessica-scheler.de\/krefeld\/wp-content\/uploads\/sites\/5\/2026\/08\/Bild_folgt.png 1000w, https:\/\/jessica-scheler.de\/krefeld\/wp-content\/uploads\/sites\/5\/2026\/08\/Bild_folgt-225x300.png 225w, https:\/\/jessica-scheler.de\/krefeld\/wp-content\/uploads\/sites\/5\/2026\/08\/Bild_folgt-768x1024.png 768w\" sizes=\"(max-width: 1000px) 100vw, 1000px\" \/>\t\t\t\t\t\t\t\t\t\t\t\t\t\t\t<\/div>\n\t\t\t\t<\/div>\n\t\t\t\t<div class=\"elementor-element elementor-element-453d6d8 elementor-widget elementor-widget-heading\" data-id=\"453d6d8\" data-element_type=\"widget\" data-e-type=\"widget\" data-widget_type=\"heading.default\">\n\t\t\t\t<div class=\"elementor-widget-container\">\n\t\t\t\t\t<h3 class=\"elementor-heading-title elementor-size-default\">Elli<\/h3>\t\t\t\t<\/div>\n\t\t\t\t<\/div>\n\t\t\t\t<div class=\"elementor-element elementor-element-b2229b7 elementor-widget elementor-widget-text-editor\" data-id=\"b2229b7\" data-element_type=\"widget\" data-e-type=\"widget\" data-widget_type=\"text-editor.default\">\n\t\t\t\t<div class=\"elementor-widget-container\">\n\t\t\t\t\t\t\t\t\t<p>Auszubildende<\/p>\t\t\t\t\t\t\t\t<\/div>\n\t\t\t\t<\/div>\n\t\t\t\t<\/div>\n\t\t<div class=\"elementor-element elementor-element-b2a352f e-con-full e-flex e-con e-child\" data-id=\"b2a352f\" data-element_type=\"container\" data-e-type=\"container\">\n\t\t\t\t<div class=\"elementor-element elementor-element-0faf196 elementor-widget elementor-widget-image\" data-id=\"0faf196\" data-element_type=\"widget\" data-e-type=\"widget\" data-widget_type=\"image.default\">\n\t\t\t\t<div class=\"elementor-widget-container\">\n\t\t\t\t\t\t\t\t\t\t\t\t\t\t\t<img loading=\"lazy\" decoding=\"async\" width=\"1000\" height=\"1333\" src=\"https:\/\/jessica-scheler.de\/krefeld\/wp-content\/uploads\/sites\/5\/2026\/08\/Bild_folgt.png\" class=\"attachment-full size-full wp-image-1022\" alt=\"\" srcset=\"https:\/\/jessica-scheler.de\/krefeld\/wp-content\/uploads\/sites\/5\/2026\/08\/Bild_folgt.png 1000w, https:\/\/jessica-scheler.de\/krefeld\/wp-content\/uploads\/sites\/5\/2026\/08\/Bild_folgt-225x300.png 225w, https:\/\/jessica-scheler.de\/krefeld\/wp-content\/uploads\/sites\/5\/2026\/08\/Bild_folgt-768x1024.png 768w\" sizes=\"(max-width: 1000px) 100vw, 1000px\" \/>\t\t\t\t\t\t\t\t\t\t\t\t\t\t\t<\/div>\n\t\t\t\t<\/div>\n\t\t\t\t<div class=\"elementor-element elementor-element-c03aa4c elementor-widget elementor-widget-heading\" data-id=\"c03aa4c\" data-element_type=\"widget\" data-e-type=\"widget\" data-widget_type=\"heading.default\">\n\t\t\t\t<div class=\"elementor-widget-container\">\n\t\t\t\t\t<h3 class=\"elementor-heading-title elementor-size-default\">Charlotte<\/h3>\t\t\t\t<\/div>\n\t\t\t\t<\/div>\n\t\t\t\t<div class=\"elementor-element elementor-element-1a61727 elementor-widget elementor-widget-text-editor\" data-id=\"1a61727\" data-element_type=\"widget\" data-e-type=\"widget\" data-widget_type=\"text-editor.default\">\n\t\t\t\t<div class=\"elementor-widget-container\">\n\t\t\t\t\t\t\t\t\t<p>Auszubildende<\/p>\t\t\t\t\t\t\t\t<\/div>\n\t\t\t\t<\/div>\n\t\t\t\t<\/div>\n\t\t<div class=\"elementor-element elementor-element-5991495 e-con-full e-flex e-con e-child\" data-id=\"5991495\" data-element_type=\"container\" data-e-type=\"container\">\n\t\t\t\t<div class=\"elementor-element elementor-element-d896155 elementor-widget elementor-widget-image\" data-id=\"d896155\" data-element_type=\"widget\" data-e-type=\"widget\" data-widget_type=\"image.default\">\n\t\t\t\t<div class=\"elementor-widget-container\">\n\t\t\t\t\t\t\t\t\t\t\t\t\t\t\t<img loading=\"lazy\" decoding=\"async\" width=\"1000\" height=\"1333\" src=\"https:\/\/jessica-scheler.de\/krefeld\/wp-content\/uploads\/sites\/5\/2026\/08\/Bild_folgt.png\" class=\"attachment-full size-full wp-image-1022\" alt=\"\" srcset=\"https:\/\/jessica-scheler.de\/krefeld\/wp-content\/uploads\/sites\/5\/2026\/08\/Bild_folgt.png 1000w, https:\/\/jessica-scheler.de\/krefeld\/wp-content\/uploads\/sites\/5\/2026\/08\/Bild_folgt-225x300.png 225w, https:\/\/jessica-scheler.de\/krefeld\/wp-content\/uploads\/sites\/5\/2026\/08\/Bild_folgt-768x1024.png 768w\" sizes=\"(max-width: 1000px) 100vw, 1000px\" \/>\t\t\t\t\t\t\t\t\t\t\t\t\t\t\t<\/div>\n\t\t\t\t<\/div>\n\t\t\t\t<div class=\"elementor-element elementor-element-9d46ec2 elementor-widget elementor-widget-heading\" data-id=\"9d46ec2\" data-element_type=\"widget\" data-e-type=\"widget\" data-widget_type=\"heading.default\">\n\t\t\t\t<div class=\"elementor-widget-container\">\n\t\t\t\t\t<h3 class=\"elementor-heading-title elementor-size-default\">Veronika<\/h3>\t\t\t\t<\/div>\n\t\t\t\t<\/div>\n\t\t\t\t<div class=\"elementor-element elementor-element-12fbea6 elementor-widget elementor-widget-text-editor\" data-id=\"12fbea6\" data-element_type=\"widget\" data-e-type=\"widget\" data-widget_type=\"text-editor.default\">\n\t\t\t\t<div class=\"elementor-widget-container\">\n\t\t\t\t\t\t\t\t\t<p>Auszubildende<\/p>\t\t\t\t\t\t\t\t<\/div>\n\t\t\t\t<\/div>\n\t\t\t\t<\/div>\n\t\t<div class=\"elementor-element elementor-element-61e015e e-flex e-con-boxed e-con e-child\" data-id=\"61e015e\" data-element_type=\"container\" data-e-type=\"container\">\n\t\t\t\t\t<div class=\"e-con-inner\">\n\t\t\t\t\t<\/div>\n\t\t\t\t<\/div>\n\t\t<div class=\"elementor-element elementor-element-c32eac4 e-flex e-con-boxed e-con e-child\" data-id=\"c32eac4\" data-element_type=\"container\" data-e-type=\"container\">\n\t\t\t\t\t<div class=\"e-con-inner\">\n\t\t\t\t\t<\/div>\n\t\t\t\t<\/div>\n\t\t<div class=\"elementor-element elementor-element-01b82d9 e-flex e-con-boxed e-con e-child\" data-id=\"01b82d9\" data-element_type=\"container\" data-e-type=\"container\">\n\t\t\t\t\t<div class=\"e-con-inner\">\n\t\t\t\t\t<\/div>\n\t\t\t\t<\/div>\n\t\t<div class=\"elementor-element elementor-element-07e25ea e-flex e-con-boxed e-con e-child\" data-id=\"07e25ea\" data-element_type=\"container\" data-e-type=\"container\">\n\t\t\t\t\t<div class=\"e-con-inner\">\n\t\t\t\t\t<\/div>\n\t\t\t\t<\/div>\n\t\t\t\t\t<\/div>\n\t\t\t\t<\/div>\n\t\t\t\t\t<\/div>\n\t\t<\/div>\n\t\t\t\t\t<\/div>\n\t\t<\/section>\n\t\t\t\t<section class=\"elementor-section elementor-top-section elementor-element elementor-element-1568d62b elementor-section-full_width elementor-section-height-default elementor-section-height-default\" data-id=\"1568d62b\" data-element_type=\"section\" data-e-type=\"section\">\n\t\t\t\t\t\t<div class=\"elementor-container elementor-column-gap-no\">\n\t\t\t\t\t<div class=\"elementor-column elementor-col-100 elementor-top-column elementor-element elementor-element-3ceb99c4\" data-id=\"3ceb99c4\" data-element_type=\"column\" data-e-type=\"column\" data-settings=\"{&quot;background_background&quot;:&quot;classic&quot;}\">\n\t\t\t<div class=\"elementor-widget-wrap elementor-element-populated\">\n\t\t\t\t\t\t<div class=\"elementor-element elementor-element-5dfa0f2 elementor-widget elementor-widget-spacer\" data-id=\"5dfa0f2\" data-element_type=\"widget\" data-e-type=\"widget\" data-widget_type=\"spacer.default\">\n\t\t\t\t<div class=\"elementor-widget-container\">\n\t\t\t\t\t\t\t<div class=\"elementor-spacer\">\n\t\t\t<div class=\"elementor-spacer-inner\"><\/div>\n\t\t<\/div>\n\t\t\t\t\t\t<\/div>\n\t\t\t\t<\/div>\n\t\t\t\t<div class=\"elementor-element elementor-element-443f0565 elementor-widget elementor-widget-heading\" data-id=\"443f0565\" data-element_type=\"widget\" data-e-type=\"widget\" data-widget_type=\"heading.default\">\n\t\t\t\t<div class=\"elementor-widget-container\">\n\t\t\t\t\t<h4 class=\"elementor-heading-title elementor-size-default\">BEAUTY BEGINS THE MOMENT YOU DECIDE TO BE YOURSELF.<\/h4>\t\t\t\t<\/div>\n\t\t\t\t<\/div>\n\t\t\t\t<div class=\"elementor-element elementor-element-2392e182 elementor-widget elementor-widget-text-editor\" data-id=\"2392e182\" data-element_type=\"widget\" data-e-type=\"widget\" data-widget_type=\"text-editor.default\">\n\t\t\t\t<div class=\"elementor-widget-container\">\n\t\t\t\t\t\t\t\t\t<p>Coco Chanel<\/p>\t\t\t\t\t\t\t\t<\/div>\n\t\t\t\t<\/div>\n\t\t\t\t<div class=\"elementor-element elementor-element-449e82c5 elementor-widget elementor-widget-spacer\" data-id=\"449e82c5\" data-element_type=\"widget\" data-e-type=\"widget\" data-widget_type=\"spacer.default\">\n\t\t\t\t<div class=\"elementor-widget-container\">\n\t\t\t\t\t\t\t<div class=\"elementor-spacer\">\n\t\t\t<div class=\"elementor-spacer-inner\"><\/div>\n\t\t<\/div>\n\t\t\t\t\t\t<\/div>\n\t\t\t\t<\/div>\n\t\t\t\t\t<\/div>\n\t\t<\/div>\n\t\t\t\t\t<\/div>\n\t\t<\/section>\n\t\t\t\t<\/div>\n\t\t","protected":false},"excerpt":{"rendered":"<p>Unser Team Krefeld \u00dcber uns Wir Friseure lieben unseren Beruf, er gibt uns t\u00e4glich die Chance andere Menschen gl\u00fccklich und zufrieden zu machen. Sie als unser Kunde sind unser Gast. Das Vertrauen das Sie uns geben, wollen wir mit fachlicher Kompetenz und Aufmerksamkeit st\u00e4rken. Es liegt uns sehr am Herzen Sie toll aussehen zu lassen, [&hellip;]<\/p>\n","protected":false},"author":1,"featured_media":0,"parent":0,"menu_order":0,"comment_status":"closed","ping_status":"closed","template":"elementor_header_footer","meta":{"footnotes":""},"class_list":["post-36","page","type-page","status-publish","hentry"],"yoast_head":"<!-- This site is optimized with the Yoast SEO plugin v28.4 - https:\/\/yoast.com\/product\/yoast-seo-wordpress\/ -->\n<title>Das Team - Krefeld<\/title>\n<meta name=\"robots\" content=\"index, follow, max-snippet:-1, max-image-preview:large, max-video-preview:-1\" \/>\n<link rel=\"canonical\" href=\"https:\/\/jessica-scheler.de\/krefeld\/team-krefeld\/\" \/>\n<meta property=\"og:locale\" content=\"de_DE\" \/>\n<meta property=\"og:type\" content=\"article\" \/>\n<meta property=\"og:title\" content=\"Das Team - Krefeld\" \/>\n<meta property=\"og:description\" content=\"Unser Team Krefeld \u00dcber uns Wir Friseure lieben unseren Beruf, er gibt uns t\u00e4glich die Chance andere Menschen gl\u00fccklich und zufrieden zu machen. Sie als unser Kunde sind unser Gast. Das Vertrauen das Sie uns geben, wollen wir mit fachlicher Kompetenz und Aufmerksamkeit st\u00e4rken. Es liegt uns sehr am Herzen Sie toll aussehen zu lassen, [&hellip;]\" \/>\n<meta property=\"og:url\" content=\"https:\/\/jessica-scheler.de\/krefeld\/team-krefeld\/\" \/>\n<meta property=\"og:site_name\" content=\"Krefeld\" \/>\n<meta property=\"article:modified_time\" content=\"2026-08-21T14:02:58+00:00\" \/>\n<meta property=\"og:image\" content=\"https:\/\/jessica-scheler.de\/krefeld\/wp-content\/uploads\/sites\/5\/2026\/07\/1-Jessia-Scheler-Inhaberin-scaled.jpg\" \/>\n\t<meta property=\"og:image:width\" content=\"1920\" \/>\n\t<meta property=\"og:image:height\" content=\"2560\" \/>\n\t<meta property=\"og:image:type\" content=\"image\/jpeg\" \/>\n<meta name=\"twitter:card\" content=\"summary_large_image\" \/>\n<meta name=\"twitter:label1\" content=\"Gesch\u00e4tzte Lesezeit\" \/>\n\t<meta name=\"twitter:data1\" content=\"8\u00a0Minuten\" \/>\n<script type=\"application\/ld+json\" class=\"yoast-schema-graph\">{\"@context\":\"https:\\\/\\\/schema.org\",\"@graph\":[{\"@type\":\"WebPage\",\"@id\":\"https:\\\/\\\/jessica-scheler.de\\\/krefeld\\\/team-krefeld\\\/\",\"url\":\"https:\\\/\\\/jessica-scheler.de\\\/krefeld\\\/team-krefeld\\\/\",\"name\":\"Das Team - Krefeld\",\"isPartOf\":{\"@id\":\"https:\\\/\\\/jessica-scheler.de\\\/krefeld\\\/#website\"},\"primaryImageOfPage\":{\"@id\":\"https:\\\/\\\/jessica-scheler.de\\\/krefeld\\\/team-krefeld\\\/#primaryimage\"},\"image\":{\"@id\":\"https:\\\/\\\/jessica-scheler.de\\\/krefeld\\\/team-krefeld\\\/#primaryimage\"},\"thumbnailUrl\":\"https:\\\/\\\/jessica-scheler.de\\\/krefeld\\\/wp-content\\\/uploads\\\/sites\\\/5\\\/2026\\\/07\\\/1-Jessia-Scheler-Inhaberin-scaled.jpg\",\"datePublished\":\"2023-01-18T10:44:28+00:00\",\"dateModified\":\"2026-08-21T14:02:58+00:00\",\"breadcrumb\":{\"@id\":\"https:\\\/\\\/jessica-scheler.de\\\/krefeld\\\/team-krefeld\\\/#breadcrumb\"},\"inLanguage\":\"de\",\"potentialAction\":[{\"@type\":\"ReadAction\",\"target\":[\"https:\\\/\\\/jessica-scheler.de\\\/krefeld\\\/team-krefeld\\\/\"]}]},{\"@type\":\"ImageObject\",\"inLanguage\":\"de\",\"@id\":\"https:\\\/\\\/jessica-scheler.de\\\/krefeld\\\/team-krefeld\\\/#primaryimage\",\"url\":\"https:\\\/\\\/jessica-scheler.de\\\/krefeld\\\/wp-content\\\/uploads\\\/sites\\\/5\\\/2026\\\/07\\\/1-Jessia-Scheler-Inhaberin-scaled.jpg\",\"contentUrl\":\"https:\\\/\\\/jessica-scheler.de\\\/krefeld\\\/wp-content\\\/uploads\\\/sites\\\/5\\\/2026\\\/07\\\/1-Jessia-Scheler-Inhaberin-scaled.jpg\",\"width\":1920,\"height\":2560},{\"@type\":\"BreadcrumbList\",\"@id\":\"https:\\\/\\\/jessica-scheler.de\\\/krefeld\\\/team-krefeld\\\/#breadcrumb\",\"itemListElement\":[{\"@type\":\"ListItem\",\"position\":1,\"name\":\"Startseite\",\"item\":\"https:\\\/\\\/jessica-scheler.de\\\/krefeld\\\/\"},{\"@type\":\"ListItem\",\"position\":2,\"name\":\"Das Team\"}]},{\"@type\":\"WebSite\",\"@id\":\"https:\\\/\\\/jessica-scheler.de\\\/krefeld\\\/#website\",\"url\":\"https:\\\/\\\/jessica-scheler.de\\\/krefeld\\\/\",\"name\":\"Krefeld\",\"description\":\"Ihr Friseur in Neuss\",\"publisher\":{\"@id\":\"https:\\\/\\\/jessica-scheler.de\\\/krefeld\\\/#organization\"},\"potentialAction\":[{\"@type\":\"SearchAction\",\"target\":{\"@type\":\"EntryPoint\",\"urlTemplate\":\"https:\\\/\\\/jessica-scheler.de\\\/krefeld\\\/?s={search_term_string}\"},\"query-input\":{\"@type\":\"PropertyValueSpecification\",\"valueRequired\":true,\"valueName\":\"search_term_string\"}}],\"inLanguage\":\"de\"},{\"@type\":\"Organization\",\"@id\":\"https:\\\/\\\/jessica-scheler.de\\\/krefeld\\\/#organization\",\"name\":\"Krefeld\",\"url\":\"https:\\\/\\\/jessica-scheler.de\\\/krefeld\\\/\",\"logo\":{\"@type\":\"ImageObject\",\"inLanguage\":\"de\",\"@id\":\"https:\\\/\\\/jessica-scheler.de\\\/krefeld\\\/#\\\/schema\\\/logo\\\/image\\\/\",\"url\":\"https:\\\/\\\/jessica-scheler.de\\\/krefeld\\\/wp-content\\\/uploads\\\/sites\\\/5\\\/2023\\\/01\\\/Jessica_Scheler_Logo.png\",\"contentUrl\":\"https:\\\/\\\/jessica-scheler.de\\\/krefeld\\\/wp-content\\\/uploads\\\/sites\\\/5\\\/2023\\\/01\\\/Jessica_Scheler_Logo.png\",\"width\":1000,\"height\":190,\"caption\":\"Krefeld\"},\"image\":{\"@id\":\"https:\\\/\\\/jessica-scheler.de\\\/krefeld\\\/#\\\/schema\\\/logo\\\/image\\\/\"}}]}<\/script>\n<!-- \/ Yoast SEO plugin. -->","yoast_head_json":{"title":"Das Team - Krefeld","robots":{"index":"index","follow":"follow","max-snippet":"max-snippet:-1","max-image-preview":"max-image-preview:large","max-video-preview":"max-video-preview:-1"},"canonical":"https:\/\/jessica-scheler.de\/krefeld\/team-krefeld\/","og_locale":"de_DE","og_type":"article","og_title":"Das Team - Krefeld","og_description":"Unser Team Krefeld \u00dcber uns Wir Friseure lieben unseren Beruf, er gibt uns t\u00e4glich die Chance andere Menschen gl\u00fccklich und zufrieden zu machen. Sie als unser Kunde sind unser Gast. Das Vertrauen das Sie uns geben, wollen wir mit fachlicher Kompetenz und Aufmerksamkeit st\u00e4rken. Es liegt uns sehr am Herzen Sie toll aussehen zu lassen, [&hellip;]","og_url":"https:\/\/jessica-scheler.de\/krefeld\/team-krefeld\/","og_site_name":"Krefeld","article_modified_time":"2026-08-21T14:02:58+00:00","og_image":[{"width":1920,"height":2560,"url":"https:\/\/jessica-scheler.de\/krefeld\/wp-content\/uploads\/sites\/5\/2026\/07\/1-Jessia-Scheler-Inhaberin-scaled.jpg","type":"image\/jpeg"}],"twitter_card":"summary_large_image","twitter_misc":{"Gesch\u00e4tzte Lesezeit":"8\u00a0Minuten"},"schema":{"@context":"https:\/\/schema.org","@graph":[{"@type":"WebPage","@id":"https:\/\/jessica-scheler.de\/krefeld\/team-krefeld\/","url":"https:\/\/jessica-scheler.de\/krefeld\/team-krefeld\/","name":"Das Team - Krefeld","isPartOf":{"@id":"https:\/\/jessica-scheler.de\/krefeld\/#website"},"primaryImageOfPage":{"@id":"https:\/\/jessica-scheler.de\/krefeld\/team-krefeld\/#primaryimage"},"image":{"@id":"https:\/\/jessica-scheler.de\/krefeld\/team-krefeld\/#primaryimage"},"thumbnailUrl":"https:\/\/jessica-scheler.de\/krefeld\/wp-content\/uploads\/sites\/5\/2026\/07\/1-Jessia-Scheler-Inhaberin-scaled.jpg","datePublished":"2023-01-18T10:44:28+00:00","dateModified":"2026-08-21T14:02:58+00:00","breadcrumb":{"@id":"https:\/\/jessica-scheler.de\/krefeld\/team-krefeld\/#breadcrumb"},"inLanguage":"de","potentialAction":[{"@type":"ReadAction","target":["https:\/\/jessica-scheler.de\/krefeld\/team-krefeld\/"]}]},{"@type":"ImageObject","inLanguage":"de","@id":"https:\/\/jessica-scheler.de\/krefeld\/team-krefeld\/#primaryimage","url":"https:\/\/jessica-scheler.de\/krefeld\/wp-content\/uploads\/sites\/5\/2026\/07\/1-Jessia-Scheler-Inhaberin-scaled.jpg","contentUrl":"https:\/\/jessica-scheler.de\/krefeld\/wp-content\/uploads\/sites\/5\/2026\/07\/1-Jessia-Scheler-Inhaberin-scaled.jpg","width":1920,"height":2560},{"@type":"BreadcrumbList","@id":"https:\/\/jessica-scheler.de\/krefeld\/team-krefeld\/#breadcrumb","itemListElement":[{"@type":"ListItem","position":1,"name":"Startseite","item":"https:\/\/jessica-scheler.de\/krefeld\/"},{"@type":"ListItem","position":2,"name":"Das Team"}]},{"@type":"WebSite","@id":"https:\/\/jessica-scheler.de\/krefeld\/#website","url":"https:\/\/jessica-scheler.de\/krefeld\/","name":"Krefeld","description":"Ihr Friseur in Neuss","publisher":{"@id":"https:\/\/jessica-scheler.de\/krefeld\/#organization"},"potentialAction":[{"@type":"SearchAction","target":{"@type":"EntryPoint","urlTemplate":"https:\/\/jessica-scheler.de\/krefeld\/?s={search_term_string}"},"query-input":{"@type":"PropertyValueSpecification","valueRequired":true,"valueName":"search_term_string"}}],"inLanguage":"de"},{"@type":"Organization","@id":"https:\/\/jessica-scheler.de\/krefeld\/#organization","name":"Krefeld","url":"https:\/\/jessica-scheler.de\/krefeld\/","logo":{"@type":"ImageObject","inLanguage":"de","@id":"https:\/\/jessica-scheler.de\/krefeld\/#\/schema\/logo\/image\/","url":"https:\/\/jessica-scheler.de\/krefeld\/wp-content\/uploads\/sites\/5\/2023\/01\/Jessica_Scheler_Logo.png","contentUrl":"https:\/\/jessica-scheler.de\/krefeld\/wp-content\/uploads\/sites\/5\/2023\/01\/Jessica_Scheler_Logo.png","width":1000,"height":190,"caption":"Krefeld"},"image":{"@id":"https:\/\/jessica-scheler.de\/krefeld\/#\/schema\/logo\/image\/"}}]}},"_links":{"self":[{"href":"https:\/\/jessica-scheler.de\/krefeld\/wp-json\/wp\/v2\/pages\/36","targetHints":{"allow":["GET"]}}],"collection":[{"href":"https:\/\/jessica-scheler.de\/krefeld\/wp-json\/wp\/v2\/pages"}],"about":[{"href":"https:\/\/jessica-scheler.de\/krefeld\/wp-json\/wp\/v2\/types\/page"}],"author":[{"embeddable":true,"href":"https:\/\/jessica-scheler.de\/krefeld\/wp-json\/wp\/v2\/users\/1"}],"replies":[{"embeddable":true,"href":"https:\/\/jessica-scheler.de\/krefeld\/wp-json\/wp\/v2\/comments?post=36"}],"version-history":[{"count":101,"href":"https:\/\/jessica-scheler.de\/krefeld\/wp-json\/wp\/v2\/pages\/36\/revisions"}],"predecessor-version":[{"id":1028,"href":"https:\/\/jessica-scheler.de\/krefeld\/wp-json\/wp\/v2\/pages\/36\/revisions\/1028"}],"wp:attachment":[{"href":"https:\/\/jessica-scheler.de\/krefeld\/wp-json\/wp\/v2\/media?parent=36"}],"curies":[{"name":"wp","href":"https:\/\/api.w.org\/{rel}","templated":true}]}}